{"id":8190,"date":"2021-10-22T12:40:07","date_gmt":"2021-10-22T10:40:07","guid":{"rendered":"https:\/\/sigedal.se\/?page_id=8190"},"modified":"2021-10-22T12:40:07","modified_gmt":"2021-10-22T10:40:07","slug":"crusianelli-band","status":"publish","type":"page","link":"https:\/\/sigedal.se\/index.php\/crusianelli-band\/","title":{"rendered":"Crusianelli Band"},"content":{"rendered":"\n<figure class=\"wp-block-image size-full\"><img data-recalc-dims=\"1\" loading=\"lazy\" decoding=\"async\" width=\"600\" height=\"429\" src=\"https:\/\/i0.wp.com\/sigedal.se\/wp-content\/uploads\/2021\/03\/vk5068liten.jpg?resize=600%2C429&#038;ssl=1\" alt=\"\" class=\"wp-image-219\" srcset=\"https:\/\/i0.wp.com\/sigedal.se\/wp-content\/uploads\/2021\/03\/vk5068liten.jpg?w=600&amp;ssl=1 600w, https:\/\/i0.wp.com\/sigedal.se\/wp-content\/uploads\/2021\/03\/vk5068liten.jpg?resize=300%2C215&amp;ssl=1 300w\" sizes=\"auto, (max-width: 600px) 85vw, 600px\" \/><figcaption>Dansbandet Crusianelli var verksamt mellan \u00e5r 1926 &#8211; 1931\n\nCrusianelli bestod av Torsten Pettersson, Helmer Sk\u00f6ld och Sigge Danielsson fr\u00e5n V\u00e4sterl\u00f6sa och Nils Ekberg fr\u00e5n Vikingstad. Spelade p\u00e5 div festplatser som Englands hage, Solmark, Lilltollstad \u00e4ng m fl<\/figcaption><\/figure>\n","protected":false},"excerpt":{"rendered":"","protected":false},"author":3,"featured_media":0,"parent":0,"menu_order":0,"comment_status":"closed","ping_status":"closed","template":"","meta":{"footnotes":""},"class_list":["post-8190","page","type-page","status-publish","hentry"],"jetpack-related-posts":[{"id":453,"url":"https:\/\/sigedal.se\/index.php\/gismestad\/","url_meta":{"origin":8190,"position":0},"title":"Gismestad Herrg\u00e5rd","author":"Kent","date":"2021-03-25","format":false,"excerpt":"Foto fr\u00e5n ett vykort ca 1900-1905 Vykort fr\u00e5n Kent Sigedals vykortssamling Gismestad Herrg\u00e5rd. \u00c5rtal ok\u00e4ntVykort fr\u00e5n Kent Sigedals vykortssamling Gismestad Herrg\u00e5rd fr\u00e5n parksidan p\u00e5 1930-talet. Fr\u00e5n ett vykort postst\u00e4mplat 1937.Vykort fr\u00e5n Kent Sigedals vykortssamling Torp \u00e5terfinns i den f\u00f6r alla torp gemensamma torplistan.","rel":"","context":"Liknande inl\u00e4gg","block_context":{"text":"Liknande inl\u00e4gg","link":""},"img":{"alt_text":"","src":"https:\/\/i0.wp.com\/sigedal.se\/wp-content\/uploads\/2021\/03\/Gismestad-1.jpg?resize=350%2C200&ssl=1","width":350,"height":200,"srcset":"https:\/\/i0.wp.com\/sigedal.se\/wp-content\/uploads\/2021\/03\/Gismestad-1.jpg?resize=350%2C200&ssl=1 1x, https:\/\/i0.wp.com\/sigedal.se\/wp-content\/uploads\/2021\/03\/Gismestad-1.jpg?resize=525%2C300&ssl=1 1.5x, https:\/\/i0.wp.com\/sigedal.se\/wp-content\/uploads\/2021\/03\/Gismestad-1.jpg?resize=700%2C400&ssl=1 2x, https:\/\/i0.wp.com\/sigedal.se\/wp-content\/uploads\/2021\/03\/Gismestad-1.jpg?resize=1050%2C600&ssl=1 3x, https:\/\/i0.wp.com\/sigedal.se\/wp-content\/uploads\/2021\/03\/Gismestad-1.jpg?resize=1400%2C800&ssl=1 4x"},"classes":[]},{"id":10328,"url":"https:\/\/sigedal.se\/index.php\/interiorbilder-fran-rakereds-kvarn\/","url_meta":{"origin":8190,"position":1},"title":"Interi\u00f6rbilder fr\u00e5n Rakereds kvarn","author":"Kent","date":"2023-02-21","format":false,"excerpt":"Nedanst\u00e5ende foton fr\u00e5n 1968 visar kvarnens interi\u00f6r efter att verksamheten upph\u00f6rt. Fotografierna har vi (om inget annat anges) f\u00e5tt av Christer Sandvall, son till den siste mj\u00f6lnaren i Rakereds kvarn. Nedanst\u00e5ende foton fr\u00e5n Karl Franssons fotoalbum","rel":"","context":"Liknande inl\u00e4gg","block_context":{"text":"Liknande inl\u00e4gg","link":""},"img":{"alt_text":"","src":"https:\/\/i0.wp.com\/sigedal.se\/wp-content\/uploads\/2023\/02\/CrS001.jpg?resize=350%2C200&ssl=1","width":350,"height":200,"srcset":"https:\/\/i0.wp.com\/sigedal.se\/wp-content\/uploads\/2023\/02\/CrS001.jpg?resize=350%2C200&ssl=1 1x, https:\/\/i0.wp.com\/sigedal.se\/wp-content\/uploads\/2023\/02\/CrS001.jpg?resize=525%2C300&ssl=1 1.5x, https:\/\/i0.wp.com\/sigedal.se\/wp-content\/uploads\/2023\/02\/CrS001.jpg?resize=700%2C400&ssl=1 2x, https:\/\/i0.wp.com\/sigedal.se\/wp-content\/uploads\/2023\/02\/CrS001.jpg?resize=1050%2C600&ssl=1 3x"},"classes":[]},{"id":3172,"url":"https:\/\/sigedal.se\/index.php\/andersson-amanda\/","url_meta":{"origin":8190,"position":2},"title":"Andersson Amanda","author":"Kent","date":"2021-04-08","format":false,"excerpt":"St\u00e5ende fr\u00e5n v\u00e4nster: K\u00f6rkarl Karl Viktor Knutsson, k\u00f6rkarl Karl Karlsson, torpare Andersson fr\u00e5n Trollhagen, Manne Gustavsson fr\u00e5n J\u00e4rnv\u00e4gstorpet, Henningsson fr\u00e5n Jungfruhemmet. Befallningsman Fransson l\u00e4ngst till h\u00f6ger. Sittande fr\u00e5n v\u00e4nster: Axel Andersson fr\u00e5n Trollhagen, K\u00f6rkarl Nilsson, Fru Sigrid Nilsson, Alva Knutsson, Amanda Knutsson, Fru Elin Karlsson, F\u00f6rste traktorf\u00f6rare Anders Eriksson fr\u00e5n\u2026","rel":"","context":"Liknande inl\u00e4gg","block_context":{"text":"Liknande inl\u00e4gg","link":""},"img":{"alt_text":"","src":"https:\/\/i0.wp.com\/sigedal.se\/wp-content\/uploads\/2021\/03\/vk5131liten.jpg?resize=350%2C200&ssl=1","width":350,"height":200,"srcset":"https:\/\/i0.wp.com\/sigedal.se\/wp-content\/uploads\/2021\/03\/vk5131liten.jpg?resize=350%2C200&ssl=1 1x, https:\/\/i0.wp.com\/sigedal.se\/wp-content\/uploads\/2021\/03\/vk5131liten.jpg?resize=525%2C300&ssl=1 1.5x"},"classes":[]},{"id":4170,"url":"https:\/\/sigedal.se\/index.php\/inga-lena-larsdotter\/","url_meta":{"origin":8190,"position":3},"title":"Inga Lena Larsdotter","author":"Kent","date":"2021-04-14","format":false,"excerpt":"F\u00f6dd \u00e5r 1815-11-10 i Vikingstad (Sk\u00f6lstad Berget)D\u00f6d \u00e5r 1901-03+27 i Nykil (Vis\u00e4ter V\u00e4sterg\u00e5rd)Gift \u00e5r 1838-03-14 i \u00d6stra Tollstad med Nils Nilsson fr\u00e5n V\u00e4sterl\u00f6saFar: Lars NilssonMor: Johanna NystrandBarn:\u00a0Inga Lena (f 1850 i Nykil), Gustaf Adolf (1853-10-21 - ), Clara (1855-09-19 - ), Wilhelm Benjamin (1858-04-05 - ), Charlotta (1862-08-02 - )Yrke:\u00a0Har\u2026","rel":"","context":"Liknande inl\u00e4gg","block_context":{"text":"Liknande inl\u00e4gg","link":""},"img":{"alt_text":"","src":"","width":0,"height":0},"classes":[]},{"id":1583,"url":"https:\/\/sigedal.se\/index.php\/nybble-gard\/","url_meta":{"origin":8190,"position":4},"title":"Nybble G\u00e5rd","author":"Kent","date":"2021-03-28","format":false,"excerpt":"Flygfoto 1917 fr\u00e5n Flygmuseums arkiv tillhandah\u00e5llet av Gunnar Hesse. Flygfoto 1934 tillhandah\u00e5llet at Gunnar Hesse. Foto ca 1915 Foto nr 218 ur \u00d6sten Allerts samlingar tillh\u00f6rande Vikingstads Hembygdsf\u00f6rening Nybble gamla huvudbyggnad Denna huvudbyggnad revs f\u00f6r att ge plats f\u00f6r en ny \u00e5r 1906. Huvudbyggnaden 1936 Foto 1936 av \u00d6sten Allert\u2026","rel":"","context":"Liknande inl\u00e4gg","block_context":{"text":"Liknande inl\u00e4gg","link":""},"img":{"alt_text":"","src":"https:\/\/i0.wp.com\/sigedal.se\/wp-content\/uploads\/2023\/12\/IMG_8742-scaled.jpg?resize=350%2C200&ssl=1","width":350,"height":200,"srcset":"https:\/\/i0.wp.com\/sigedal.se\/wp-content\/uploads\/2023\/12\/IMG_8742-scaled.jpg?resize=350%2C200&ssl=1 1x, https:\/\/i0.wp.com\/sigedal.se\/wp-content\/uploads\/2023\/12\/IMG_8742-scaled.jpg?resize=525%2C300&ssl=1 1.5x, https:\/\/i0.wp.com\/sigedal.se\/wp-content\/uploads\/2023\/12\/IMG_8742-scaled.jpg?resize=700%2C400&ssl=1 2x, https:\/\/i0.wp.com\/sigedal.se\/wp-content\/uploads\/2023\/12\/IMG_8742-scaled.jpg?resize=1050%2C600&ssl=1 3x, https:\/\/i0.wp.com\/sigedal.se\/wp-content\/uploads\/2023\/12\/IMG_8742-scaled.jpg?resize=1400%2C800&ssl=1 4x"},"classes":[]},{"id":4927,"url":"https:\/\/sigedal.se\/index.php\/ljungblad-johan-julius-frans\/","url_meta":{"origin":8190,"position":5},"title":"Ljungblad Johan Julius Frans","author":"Kent","date":"2021-04-20","format":false,"excerpt":"F\u00f6dd \u00e5r 1870-04-24 i Dalhem (Kalmar l\u00e4n)D\u00f6d \u00e5r 1950-05-30 i Link\u00f6pingGift \u00e5r 1896-10-25 med Elin Karolina Karlsson (1872-11-08 -1949-10-30)Far: Ljungblad Frans Julius (1846 - 1930)Mor: Brita Maja (1847 - )Barn:\u00a0Elisabeth Karloina (1899-05-12 - ), Astrid Linnea (1906-11-19 - ), Alva Margareta (1911-03-18 - )Yrke:\u00a0ArrendatorHar bott i S\u00f6rstad\u00a0Fotografi tagit \u00e5rBer\u00e4ttelser\u00d6vrigt: Var\u2026","rel":"","context":"Liknande inl\u00e4gg","block_context":{"text":"Liknande inl\u00e4gg","link":""},"img":{"alt_text":"","src":"","width":0,"height":0},"classes":[]}],"jetpack_sharing_enabled":true,"_links":{"self":[{"href":"https:\/\/sigedal.se\/index.php\/wp-json\/wp\/v2\/pages\/8190","targetHints":{"allow":["GET"]}}],"collection":[{"href":"https:\/\/sigedal.se\/index.php\/wp-json\/wp\/v2\/pages"}],"about":[{"href":"https:\/\/sigedal.se\/index.php\/wp-json\/wp\/v2\/types\/page"}],"author":[{"embeddable":true,"href":"https:\/\/sigedal.se\/index.php\/wp-json\/wp\/v2\/users\/3"}],"replies":[{"embeddable":true,"href":"https:\/\/sigedal.se\/index.php\/wp-json\/wp\/v2\/comments?post=8190"}],"version-history":[{"count":1,"href":"https:\/\/sigedal.se\/index.php\/wp-json\/wp\/v2\/pages\/8190\/revisions"}],"predecessor-version":[{"id":8192,"href":"https:\/\/sigedal.se\/index.php\/wp-json\/wp\/v2\/pages\/8190\/revisions\/8192"}],"wp:attachment":[{"href":"https:\/\/sigedal.se\/index.php\/wp-json\/wp\/v2\/media?parent=8190"}],"curies":[{"name":"wp","href":"https:\/\/api.w.org\/{rel}","templated":true}]}}