{"id":795,"date":"2021-03-25T15:37:46","date_gmt":"2021-03-25T14:37:46","guid":{"rendered":"https:\/\/sigedal.se\/?page_id=795"},"modified":"2021-03-31T09:25:30","modified_gmt":"2021-03-31T07:25:30","slug":"rakered-ostergard-2","status":"publish","type":"page","link":"https:\/\/sigedal.se\/index.php\/rakered-ostergard-2\/","title":{"rendered":"Rakered \u00d6sterg\u00e5rd (2)"},"content":{"rendered":"\n<figure class=\"wp-block-table is-style-stripes\"><table><tbody><tr><td><strong>Boende p\u00e5 g\u00e5rden<\/strong><\/td><td><strong>I handlingarna ben\u00e4mnd<\/strong><\/td><\/tr><tr><td><\/td><td><\/td><\/tr><tr><td><\/td><td><\/td><\/tr><tr><td><\/td><td><\/td><\/tr><tr><td><\/td><td><\/td><\/tr><tr><td><\/td><td><\/td><\/tr><tr><td><\/td><td><\/td><\/tr><tr><td><\/td><td><\/td><\/tr><tr><td><\/td><td><\/td><\/tr><tr><td><\/td><td><\/td><\/tr><tr><td><\/td><td><\/td><\/tr><tr><td><\/td><td><\/td><\/tr><\/tbody><\/table><\/figure>\n","protected":false},"excerpt":{"rendered":"<p>Boende p\u00e5 g\u00e5rden I handlingarna ben\u00e4mnd<\/p>\n","protected":false},"author":3,"featured_media":0,"parent":0,"menu_order":0,"comment_status":"closed","ping_status":"closed","template":"","meta":{"footnotes":""},"class_list":["post-795","page","type-page","status-publish","hentry"],"jetpack-related-posts":[{"id":793,"url":"https:\/\/sigedal.se\/index.php\/rakered-ostergard-1\/","url_meta":{"origin":795,"position":0},"title":"Rakered \u00d6sterg\u00e5rd (1)","author":"Kent","date":"2021-03-25","format":false,"excerpt":"Boende p\u00e5 g\u00e5rdenI handlingarna ben\u00e4mndJacobsson Nils 1771 -","rel":"","context":"Liknande inl\u00e4gg","block_context":{"text":"Liknande inl\u00e4gg","link":""},"img":{"alt_text":"","src":"","width":0,"height":0},"classes":[]},{"id":792,"url":"https:\/\/sigedal.se\/index.php\/rakered-ostergard-1-mt\/","url_meta":{"origin":795,"position":1},"title":"Rakered \u00d6sterg\u00e5rd 1 Mt","author":"Kent","date":"2021-03-25","format":false,"excerpt":"Boende p\u00e5 g\u00e5rden - levde\u00d6vrigtSvensson Anders (1770 - 1827)Persdotter Annica (1777 -\u00a0\u00a0 )Barn: Anna Stina (f 1807), Sven (f 1811)","rel":"","context":"Liknande inl\u00e4gg","block_context":{"text":"Liknande inl\u00e4gg","link":""},"img":{"alt_text":"","src":"","width":0,"height":0},"classes":[]},{"id":772,"url":"https:\/\/sigedal.se\/index.php\/rakered-fralsegard\/","url_meta":{"origin":795,"position":2},"title":"Rakered Fr\u00e4lseg\u00e5rd (\u00d6sterg\u00e5rd)","author":"Kent","date":"2021-03-25","format":false,"excerpt":"Ett mantal Rakereds Fr\u00e4ls \u00d6sterg\u00e5rd brukades vid stor skiftet av J\u00f6ns Andersson. Han eftertr\u00e4ddes av Anders Svensson 1803. S\u00e5 sm\u00e5ningom kom b\u00e5da \u00d6sterg\u00e5rdsdelarna att bli sammanlagda med Storg\u00e5rden. \u00c5r 1896 \u00e4ger Klas Magni det mesta av gamla byn Boende p\u00e5 g\u00e5rden - levde\u00d6vrigtAndersson Hans 17xx -Andersson Jonas 1799 - 18xxBodde\u2026","rel":"","context":"Liknande inl\u00e4gg","block_context":{"text":"Liknande inl\u00e4gg","link":""},"img":{"alt_text":"","src":"","width":0,"height":0},"classes":[]},{"id":418,"url":"https:\/\/sigedal.se\/index.php\/rakered\/","url_meta":{"origin":795,"position":3},"title":"Rakered","author":"Kent","date":"2021-03-25","format":false,"excerpt":"Storskifte genomf\u00f6rdes 1796 Laga skifte genomf\u00f6rdes 1832 - 1833 G\u00e5rdRakered Fr\u00e4lseg\u00e5rd (V\u00e4sterg\u00e5rd)Rakered Fr\u00e4lseg\u00e5rd (\u00d6sterg\u00e5rd)Rakered KvarnRakered Rusth\u00e5llRakered Skatteg\u00e5rdRakered Storg\u00e5rdRakereds TegelbrukRakered \u00d6sterg\u00e5rd 1 mantal(1)Rakered \u00d6sterg\u00e5rd\u00a0(2)Rakered \u00d6sterg\u00e5rdTorp \u00e5terfinns i den f\u00f6r alla torp gemensamma torplistan. Hembygdsf\u00f6reningen har givit ut boken \"Rakered - En f\u00f6rsvunnen socken\". Boken \u00e4r slut men du kan best\u00e4lla en\u2026","rel":"","context":"Liknande inl\u00e4gg","block_context":{"text":"Liknande inl\u00e4gg","link":""},"img":{"alt_text":"","src":"https:\/\/i0.wp.com\/sigedal.se\/wp-content\/uploads\/2021\/03\/rakered.jpg?resize=350%2C200&ssl=1","width":350,"height":200},"classes":[]},{"id":822,"url":"https:\/\/sigedal.se\/index.php\/hagstugan\/","url_meta":{"origin":795,"position":4},"title":"Hagstugan (Rakered by, Vikingstad sn)","author":"Kent","date":"2021-03-25","format":false,"excerpt":"Stugen ben\u00e4mndes ocks\u00e5 Haghemmet l\u00e5g bakom Backen, numera kallat Bj\u00f6rkbacken, hagmarken kallades \"lushagen\" De gamla talade om n\u00e5gon som under namnet \" Lusa i Hagen varit bosatt i stugan. Vid skiftestiden bodde i stugan Lisa Ericdotter kom dit 1806 noterades som fattighjon. Huset har ocks\u00e5 kallats f\u00f6r Sabelhagen efter sockenskr\u00e4ddaren\u2026","rel":"","context":"Liknande inl\u00e4gg","block_context":{"text":"Liknande inl\u00e4gg","link":""},"img":{"alt_text":"","src":"","width":0,"height":0},"classes":[]},{"id":775,"url":"https:\/\/sigedal.se\/index.php\/rakered-skattegard\/","url_meta":{"origin":795,"position":5},"title":"Rakered Skatteg\u00e5rd","author":"Kent","date":"2021-03-25","format":false,"excerpt":"1\/2 mantal Rakeryds Krono Skatteg\u00e5rd. G\u00e5rden var bel\u00e4gen d\u00e4r Rusth\u00e5llets nuvarande ladug\u00e5rd \u00e4r byggd. Flyttningskostnad f\u00f6r denna del av Skatteg\u00e5rden blev 66 riksdaler banco. \u00c4gare n\u00e4mndemannen Samuel Samuelsson i Boo d\u00e4r hans familj ocks\u00e5 var bosatt 1\/4 mantal Rakeryds Krono Skatteg\u00e5rd \u00e4gdes av skattemannen bonden Jonas Abrahamsson och hans hustru\u2026","rel":"","context":"Liknande inl\u00e4gg","block_context":{"text":"Liknande inl\u00e4gg","link":""},"img":{"alt_text":"","src":"","width":0,"height":0},"classes":[]}],"jetpack_sharing_enabled":true,"_links":{"self":[{"href":"https:\/\/sigedal.se\/index.php\/wp-json\/wp\/v2\/pages\/795","targetHints":{"allow":["GET"]}}],"collection":[{"href":"https:\/\/sigedal.se\/index.php\/wp-json\/wp\/v2\/pages"}],"about":[{"href":"https:\/\/sigedal.se\/index.php\/wp-json\/wp\/v2\/types\/page"}],"author":[{"embeddable":true,"href":"https:\/\/sigedal.se\/index.php\/wp-json\/wp\/v2\/users\/3"}],"replies":[{"embeddable":true,"href":"https:\/\/sigedal.se\/index.php\/wp-json\/wp\/v2\/comments?post=795"}],"version-history":[{"count":4,"href":"https:\/\/sigedal.se\/index.php\/wp-json\/wp\/v2\/pages\/795\/revisions"}],"predecessor-version":[{"id":1862,"href":"https:\/\/sigedal.se\/index.php\/wp-json\/wp\/v2\/pages\/795\/revisions\/1862"}],"wp:attachment":[{"href":"https:\/\/sigedal.se\/index.php\/wp-json\/wp\/v2\/media?parent=795"}],"curies":[{"name":"wp","href":"https:\/\/api.w.org\/{rel}","templated":true}]}}