{"id":708,"date":"2021-03-25T15:14:06","date_gmt":"2021-03-25T14:14:06","guid":{"rendered":"https:\/\/sigedal.se\/?page_id=708"},"modified":"2021-05-25T19:18:15","modified_gmt":"2021-05-25T17:18:15","slug":"harg-ostergard","status":"publish","type":"page","link":"https:\/\/sigedal.se\/index.php\/harg-ostergard\/","title":{"rendered":"Harg \u00d6sterg\u00e5rd"},"content":{"rendered":"\n<p class=\"wp-block-paragraph\">Denna g\u00e5rd tillkom vid enskiftet \u00e5r 1827<\/p>\n","protected":false},"excerpt":{"rendered":"<p>Denna g\u00e5rd tillkom vid enskiftet \u00e5r 1827<\/p>\n","protected":false},"author":3,"featured_media":0,"parent":0,"menu_order":0,"comment_status":"closed","ping_status":"closed","template":"","meta":{"footnotes":""},"class_list":["post-708","page","type-page","status-publish","hentry"],"jetpack-related-posts":[{"id":7440,"url":"https:\/\/sigedal.se\/index.php\/lilla-hargs-ostergard-1-4\/","url_meta":{"origin":708,"position":0},"title":"Lilla Hargs \u00d6sterg\u00e5rd 1\/4","author":"Kent","date":"2021-05-23","format":false,"excerpt":"Vid enskiftet \u00e5r 1827 best\u00e4mdes att bygga denna g\u00e5rd som skulle vara klar \u00e5r 1833. Vid husf\u00f6rh\u00f6ren ben\u00e4mdes den Lilla Harg \u00d6sterg\u00e5rd 1\/4.","rel":"","context":"Liknande inl\u00e4gg","block_context":{"text":"Liknande inl\u00e4gg","link":""},"img":{"alt_text":"","src":"","width":0,"height":0},"classes":[]},{"id":61,"url":"https:\/\/sigedal.se\/index.php\/gardar\/","url_meta":{"origin":708,"position":1},"title":"Harg","author":"Kent","date":"2021-03-25","format":false,"excerpt":"G\u00e5rdarHarg Lillg\u00e5rdHarg Backg\u00e5rdStora Harg fd Harg Buskeg\u00e5rdHarg Komministerg\u00e5rdHarg Rusth\u00e5ll No 58Harg V\u00e4sterg\u00e5rdHarg \u00d6sterg\u00e5rdLilla Hargs V\u00e4sterg\u00e5rdLilla Hargs \u00d6sterg\u00e5rd 1\/16Lilla Hargs \u00d6sterg\u00e5rd 1\/4Sammanslagning av Lilla Hargs \u00d6ster och V\u00e4sterg\u00e5rd utf\u00f6rdes i slutet av 1800 talet, den nuvarande mang\u00e5rdsbyggningen ligger d\u00e4r \u00d6sterg\u00e5rden l\u00e5g. Flygeln \u00e4r uppf\u00f6rd av rivningsvirke fr\u00e5n de b\u00e5da g\u00e5rdarna.Torp \u00e5terfinns\u2026","rel":"","context":"Liknande inl\u00e4gg","block_context":{"text":"Liknande inl\u00e4gg","link":""},"img":{"alt_text":"","src":"","width":0,"height":0},"classes":[]},{"id":710,"url":"https:\/\/sigedal.se\/index.php\/lilla-harg-ostergard\/","url_meta":{"origin":708,"position":2},"title":"Lilla Harg \u00d6sterg\u00e5rd 1\/16","author":"Kent","date":"2021-03-25","format":false,"excerpt":"Uppf\u00f6rdes efter enskiftet \u00e5r 1827 och skulle vara bebygd \u00e5r 1833. Ben\u00e4ms vid husf\u00f6rh\u00f6r Lilla Harg \u00d6sterg\u00e5rd 1\/16. Den bebyggda delen av Lilla Hargs \u00d6sterg\u00e5rd \u00c5hyddan vars jord gr\u00e4nsar mot Kapell\u00e5n f\u00f6rs\u00e5gs med en mindre mang\u00e5rdsbyggnad med obrutet tak. En hage vid Lilla Harg och en vid Sk\u00e4ra tillh\u00f6rde fastigheten.","rel":"","context":"Liknande inl\u00e4gg","block_context":{"text":"Liknande inl\u00e4gg","link":""},"img":{"alt_text":"","src":"","width":0,"height":0},"classes":[]},{"id":5289,"url":"https:\/\/sigedal.se\/index.php\/nilsson-anders-3\/","url_meta":{"origin":708,"position":3},"title":"Nilsson Anders","author":"Kent","date":"2021-04-23","format":false,"excerpt":"F\u00f6dd \u00e5r 1804 iD\u00f6d \u00e5r 1827 iGift \u00e5r 18xx med Anna Stina Svensdotter (f 1807 i Rakered Fr\u00e4lse \u00d6sterg\u00e5rd)Far:Mor:Barn:\u00a0GustafaYrke:Har bott i Rakered Fr\u00e4lse \u00d6sterg\u00e5rd 1 Mt ( - 1827)Fotografi tagit \u00e5rBer\u00e4ttelser\u00d6vrigt: Blev vid gifterm\u00e5let \u00e4gare till halva Fr\u00e4lse \u00d6sterg\u00e5rden. Hade fem dr\u00e4ngar och sju pigor anst\u00e4llda. Vid hans d\u00f6d 1827\u2026","rel":"","context":"Liknande inl\u00e4gg","block_context":{"text":"Liknande inl\u00e4gg","link":""},"img":{"alt_text":"","src":"","width":0,"height":0},"classes":[]},{"id":707,"url":"https:\/\/sigedal.se\/index.php\/harg-vastergard\/","url_meta":{"origin":708,"position":4},"title":"Harg V\u00e4sterg\u00e5rd","author":"Kent","date":"2021-03-25","format":false,"excerpt":"Hargs V\u00e4sterg\u00e5rd bildades vid enskiftet och skulle vara klar till \u00e5r 1833.","rel":"","context":"Liknande inl\u00e4gg","block_context":{"text":"Liknande inl\u00e4gg","link":""},"img":{"alt_text":"","src":"","width":0,"height":0},"classes":[]},{"id":792,"url":"https:\/\/sigedal.se\/index.php\/rakered-ostergard-1-mt\/","url_meta":{"origin":708,"position":5},"title":"Rakered \u00d6sterg\u00e5rd 1 Mt","author":"Kent","date":"2021-03-25","format":false,"excerpt":"Boende p\u00e5 g\u00e5rden - levde\u00d6vrigtSvensson Anders (1770 - 1827)Persdotter Annica (1777 -\u00a0\u00a0 )Barn: Anna Stina (f 1807), Sven (f 1811)","rel":"","context":"Liknande inl\u00e4gg","block_context":{"text":"Liknande inl\u00e4gg","link":""},"img":{"alt_text":"","src":"","width":0,"height":0},"classes":[]}],"jetpack_sharing_enabled":true,"_links":{"self":[{"href":"https:\/\/sigedal.se\/index.php\/wp-json\/wp\/v2\/pages\/708","targetHints":{"allow":["GET"]}}],"collection":[{"href":"https:\/\/sigedal.se\/index.php\/wp-json\/wp\/v2\/pages"}],"about":[{"href":"https:\/\/sigedal.se\/index.php\/wp-json\/wp\/v2\/types\/page"}],"author":[{"embeddable":true,"href":"https:\/\/sigedal.se\/index.php\/wp-json\/wp\/v2\/users\/3"}],"replies":[{"embeddable":true,"href":"https:\/\/sigedal.se\/index.php\/wp-json\/wp\/v2\/comments?post=708"}],"version-history":[{"count":2,"href":"https:\/\/sigedal.se\/index.php\/wp-json\/wp\/v2\/pages\/708\/revisions"}],"predecessor-version":[{"id":7561,"href":"https:\/\/sigedal.se\/index.php\/wp-json\/wp\/v2\/pages\/708\/revisions\/7561"}],"wp:attachment":[{"href":"https:\/\/sigedal.se\/index.php\/wp-json\/wp\/v2\/media?parent=708"}],"curies":[{"name":"wp","href":"https:\/\/api.w.org\/{rel}","templated":true}]}}