{"id":707,"date":"2021-03-25T15:14:06","date_gmt":"2021-03-25T14:14:06","guid":{"rendered":"https:\/\/sigedal.se\/?page_id=707"},"modified":"2021-05-24T20:27:31","modified_gmt":"2021-05-24T18:27:31","slug":"harg-vastergard","status":"publish","type":"page","link":"https:\/\/sigedal.se\/index.php\/harg-vastergard\/","title":{"rendered":"Harg V\u00e4sterg\u00e5rd"},"content":{"rendered":"\n<p class=\"wp-block-paragraph\">Hargs V\u00e4sterg\u00e5rd bildades vid enskiftet och skulle vara klar till \u00e5r 1833.<\/p>\n","protected":false},"excerpt":{"rendered":"<p>Hargs V\u00e4sterg\u00e5rd bildades vid enskiftet och skulle vara klar till \u00e5r 1833.<\/p>\n","protected":false},"author":3,"featured_media":0,"parent":0,"menu_order":0,"comment_status":"closed","ping_status":"closed","template":"","meta":{"footnotes":""},"class_list":["post-707","page","type-page","status-publish","hentry"],"jetpack-related-posts":[{"id":7440,"url":"https:\/\/sigedal.se\/index.php\/lilla-hargs-ostergard-1-4\/","url_meta":{"origin":707,"position":0},"title":"Lilla Hargs \u00d6sterg\u00e5rd 1\/4","author":"Kent","date":"2021-05-23","format":false,"excerpt":"Vid enskiftet \u00e5r 1827 best\u00e4mdes att bygga denna g\u00e5rd som skulle vara klar \u00e5r 1833. Vid husf\u00f6rh\u00f6ren ben\u00e4mdes den Lilla Harg \u00d6sterg\u00e5rd 1\/4.","rel":"","context":"Liknande inl\u00e4gg","block_context":{"text":"Liknande inl\u00e4gg","link":""},"img":{"alt_text":"","src":"","width":0,"height":0},"classes":[]},{"id":61,"url":"https:\/\/sigedal.se\/index.php\/gardar\/","url_meta":{"origin":707,"position":1},"title":"Harg","author":"Kent","date":"2021-03-25","format":false,"excerpt":"G\u00e5rdarHarg Lillg\u00e5rdHarg Backg\u00e5rdStora Harg fd Harg Buskeg\u00e5rdHarg Komministerg\u00e5rdHarg Rusth\u00e5ll No 58Harg V\u00e4sterg\u00e5rdHarg \u00d6sterg\u00e5rdLilla Hargs V\u00e4sterg\u00e5rdLilla Hargs \u00d6sterg\u00e5rd 1\/16Lilla Hargs \u00d6sterg\u00e5rd 1\/4Sammanslagning av Lilla Hargs \u00d6ster och V\u00e4sterg\u00e5rd utf\u00f6rdes i slutet av 1800 talet, den nuvarande mang\u00e5rdsbyggningen ligger d\u00e4r \u00d6sterg\u00e5rden l\u00e5g. Flygeln \u00e4r uppf\u00f6rd av rivningsvirke fr\u00e5n de b\u00e5da g\u00e5rdarna.Torp \u00e5terfinns\u2026","rel":"","context":"Liknande inl\u00e4gg","block_context":{"text":"Liknande inl\u00e4gg","link":""},"img":{"alt_text":"","src":"","width":0,"height":0},"classes":[]},{"id":710,"url":"https:\/\/sigedal.se\/index.php\/lilla-harg-ostergard\/","url_meta":{"origin":707,"position":2},"title":"Lilla Harg \u00d6sterg\u00e5rd 1\/16","author":"Kent","date":"2021-03-25","format":false,"excerpt":"Uppf\u00f6rdes efter enskiftet \u00e5r 1827 och skulle vara bebygd \u00e5r 1833. Ben\u00e4ms vid husf\u00f6rh\u00f6r Lilla Harg \u00d6sterg\u00e5rd 1\/16. Den bebyggda delen av Lilla Hargs \u00d6sterg\u00e5rd \u00c5hyddan vars jord gr\u00e4nsar mot Kapell\u00e5n f\u00f6rs\u00e5gs med en mindre mang\u00e5rdsbyggnad med obrutet tak. En hage vid Lilla Harg och en vid Sk\u00e4ra tillh\u00f6rde fastigheten.","rel":"","context":"Liknande inl\u00e4gg","block_context":{"text":"Liknande inl\u00e4gg","link":""},"img":{"alt_text":"","src":"","width":0,"height":0},"classes":[]},{"id":709,"url":"https:\/\/sigedal.se\/index.php\/lilla-harg-vastergard\/","url_meta":{"origin":707,"position":3},"title":"Lilla Harg V\u00e4sterg\u00e5rd","author":"Kent","date":"2021-03-25","format":false,"excerpt":"","rel":"","context":"Liknande inl\u00e4gg","block_context":{"text":"Liknande inl\u00e4gg","link":""},"img":{"alt_text":"","src":"","width":0,"height":0},"classes":[]},{"id":2414,"url":"https:\/\/sigedal.se\/index.php\/gronlund-harg-by-vikingstad-sn\/","url_meta":{"origin":707,"position":4},"title":"Gr\u00f6nlund (Harg by, Vikingstad sn)","author":"Kent","date":"2021-04-04","format":false,"excerpt":"P\u00e5 1860 talet byggdes bostadsfastigheten Gr\u00f6nlund p\u00e5 Lilla Hargs V\u00e4sterg\u00e5rds fr\u00e5nskifte.","rel":"","context":"Liknande inl\u00e4gg","block_context":{"text":"Liknande inl\u00e4gg","link":""},"img":{"alt_text":"","src":"","width":0,"height":0},"classes":[]},{"id":1102,"url":"https:\/\/sigedal.se\/index.php\/personforteckning-e\/","url_meta":{"origin":707,"position":5},"title":"Personf\u00f6rteckning E","author":"Kent","date":"2021-03-26","format":false,"excerpt":"NamnBoddeLevdeEkberg Karl LudvigRakered Ryttartorp nr 521877 -\u00a0Ekstr\u00f6m EdvinRakereds Kvarn1899 - 1992Ekstr\u00f6m Karl GustafRakereds Kvarn1871 - 1958Eliasson Karl AugustNybble Jungfruhemmet1863 - 19xxEngstr\u00f6m StinaBankebergs Mellang\u00e5rd19xx - xxxxEngwall JohannesHarg Bost\u00e4lle17xx -\u00a0Erici Marqvardus Kyrkoherde14xx - 15xxEriksdotter LisaBoo V\u00e4sterg\u00e5rd1812 -Ericsdotter LovisaGustad Skatteg\u00e5rd1865 - 1921Ericsdotter Maja (Maria)Kvarstad Rusth\u00e5ll1757 - f\u00f6re 1773Ericsdotter Maja CajsaStora Greby Grenadj\u00e4rtorp nr\u2026","rel":"","context":"Liknande inl\u00e4gg","block_context":{"text":"Liknande inl\u00e4gg","link":""},"img":{"alt_text":"","src":"","width":0,"height":0},"classes":[]}],"jetpack_sharing_enabled":true,"_links":{"self":[{"href":"https:\/\/sigedal.se\/index.php\/wp-json\/wp\/v2\/pages\/707","targetHints":{"allow":["GET"]}}],"collection":[{"href":"https:\/\/sigedal.se\/index.php\/wp-json\/wp\/v2\/pages"}],"about":[{"href":"https:\/\/sigedal.se\/index.php\/wp-json\/wp\/v2\/types\/page"}],"author":[{"embeddable":true,"href":"https:\/\/sigedal.se\/index.php\/wp-json\/wp\/v2\/users\/3"}],"replies":[{"embeddable":true,"href":"https:\/\/sigedal.se\/index.php\/wp-json\/wp\/v2\/comments?post=707"}],"version-history":[{"count":2,"href":"https:\/\/sigedal.se\/index.php\/wp-json\/wp\/v2\/pages\/707\/revisions"}],"predecessor-version":[{"id":7489,"href":"https:\/\/sigedal.se\/index.php\/wp-json\/wp\/v2\/pages\/707\/revisions\/7489"}],"wp:attachment":[{"href":"https:\/\/sigedal.se\/index.php\/wp-json\/wp\/v2\/media?parent=707"}],"curies":[{"name":"wp","href":"https:\/\/api.w.org\/{rel}","templated":true}]}}