{"id":704,"date":"2021-03-25T15:14:06","date_gmt":"2021-03-25T14:14:06","guid":{"rendered":"https:\/\/sigedal.se\/?page_id=704"},"modified":"2021-03-25T15:14:06","modified_gmt":"2021-03-25T14:14:06","slug":"harg-komministergard","status":"publish","type":"page","link":"https:\/\/sigedal.se\/index.php\/harg-komministergard\/","title":{"rendered":"Harg Komministerg\u00e5rd"},"content":{"rendered":"","protected":false},"excerpt":{"rendered":"","protected":false},"author":3,"featured_media":0,"parent":0,"menu_order":0,"comment_status":"closed","ping_status":"closed","template":"","meta":{"footnotes":""},"class_list":["post-704","page","type-page","status-publish","hentry"],"jetpack-related-posts":[{"id":61,"url":"https:\/\/sigedal.se\/index.php\/gardar\/","url_meta":{"origin":704,"position":0},"title":"Harg","author":"Kent","date":"2021-03-25","format":false,"excerpt":"G\u00e5rdarHarg Lillg\u00e5rdHarg Backg\u00e5rdStora Harg fd Harg Buskeg\u00e5rdHarg Komministerg\u00e5rdHarg Rusth\u00e5ll No 58Harg V\u00e4sterg\u00e5rdHarg \u00d6sterg\u00e5rdLilla Hargs V\u00e4sterg\u00e5rdLilla Hargs \u00d6sterg\u00e5rd 1\/16Lilla Hargs \u00d6sterg\u00e5rd 1\/4Sammanslagning av Lilla Hargs \u00d6ster och V\u00e4sterg\u00e5rd utf\u00f6rdes i slutet av 1800 talet, den nuvarande mang\u00e5rdsbyggningen ligger d\u00e4r \u00d6sterg\u00e5rden l\u00e5g. Flygeln \u00e4r uppf\u00f6rd av rivningsvirke fr\u00e5n de b\u00e5da g\u00e5rdarna.Torp \u00e5terfinns\u2026","rel":"","context":"Liknande inl\u00e4gg","block_context":{"text":"Liknande inl\u00e4gg","link":""},"img":{"alt_text":"","src":"","width":0,"height":0},"classes":[]},{"id":1486,"url":"https:\/\/sigedal.se\/index.php\/klovsten\/","url_meta":{"origin":704,"position":1},"title":"Klovsten","author":"Kent","date":"2021-03-28","format":false,"excerpt":"(Tidigare en utjord till Sk\u00f6ldstad S\u00e4teri) Foto Kent Sigedal 2001 G\u00e5rdsnamnet Klofsten f\u00f6rekommer mycket tidigt, kanske redan under medeltiden. P\u00e5 1600-talskartan \u00e4r Klofsten markerat intill Hargs by. N\u00e5gon naturformation t.ex. det h\u00e4rintill mindre delade berget kanske kan ha n\u00e5got med namnets uppkomst att skaffa.. \u00c4ldre personer har ber\u00e4ttat att det\u2026","rel":"","context":"Liknande inl\u00e4gg","block_context":{"text":"Liknande inl\u00e4gg","link":""},"img":{"alt_text":"","src":"https:\/\/i0.wp.com\/sigedal.se\/wp-content\/uploads\/2021\/03\/vk5090liten.jpg?resize=350%2C200&ssl=1","width":350,"height":200},"classes":[]},{"id":710,"url":"https:\/\/sigedal.se\/index.php\/lilla-harg-ostergard\/","url_meta":{"origin":704,"position":2},"title":"Lilla Harg \u00d6sterg\u00e5rd 1\/16","author":"Kent","date":"2021-03-25","format":false,"excerpt":"Uppf\u00f6rdes efter enskiftet \u00e5r 1827 och skulle vara bebygd \u00e5r 1833. Ben\u00e4ms vid husf\u00f6rh\u00f6r Lilla Harg \u00d6sterg\u00e5rd 1\/16. Den bebyggda delen av Lilla Hargs \u00d6sterg\u00e5rd \u00c5hyddan vars jord gr\u00e4nsar mot Kapell\u00e5n f\u00f6rs\u00e5gs med en mindre mang\u00e5rdsbyggnad med obrutet tak. En hage vid Lilla Harg och en vid Sk\u00e4ra tillh\u00f6rde fastigheten.","rel":"","context":"Liknande inl\u00e4gg","block_context":{"text":"Liknande inl\u00e4gg","link":""},"img":{"alt_text":"","src":"","width":0,"height":0},"classes":[]},{"id":707,"url":"https:\/\/sigedal.se\/index.php\/harg-vastergard\/","url_meta":{"origin":704,"position":3},"title":"Harg V\u00e4sterg\u00e5rd","author":"Kent","date":"2021-03-25","format":false,"excerpt":"Hargs V\u00e4sterg\u00e5rd bildades vid enskiftet och skulle vara klar till \u00e5r 1833.","rel":"","context":"Liknande inl\u00e4gg","block_context":{"text":"Liknande inl\u00e4gg","link":""},"img":{"alt_text":"","src":"","width":0,"height":0},"classes":[]},{"id":2414,"url":"https:\/\/sigedal.se\/index.php\/gronlund-harg-by-vikingstad-sn\/","url_meta":{"origin":704,"position":4},"title":"Gr\u00f6nlund (Harg by, Vikingstad sn)","author":"Kent","date":"2021-04-04","format":false,"excerpt":"P\u00e5 1860 talet byggdes bostadsfastigheten Gr\u00f6nlund p\u00e5 Lilla Hargs V\u00e4sterg\u00e5rds fr\u00e5nskifte.","rel":"","context":"Liknande inl\u00e4gg","block_context":{"text":"Liknande inl\u00e4gg","link":""},"img":{"alt_text":"","src":"","width":0,"height":0},"classes":[]},{"id":700,"url":"https:\/\/sigedal.se\/index.php\/harg-lillgard\/","url_meta":{"origin":704,"position":5},"title":"Harg Lillg\u00e5rd","author":"Kent","date":"2021-03-25","format":false,"excerpt":"","rel":"","context":"Liknande inl\u00e4gg","block_context":{"text":"Liknande inl\u00e4gg","link":""},"img":{"alt_text":"","src":"","width":0,"height":0},"classes":[]}],"jetpack_sharing_enabled":true,"_links":{"self":[{"href":"https:\/\/sigedal.se\/index.php\/wp-json\/wp\/v2\/pages\/704","targetHints":{"allow":["GET"]}}],"collection":[{"href":"https:\/\/sigedal.se\/index.php\/wp-json\/wp\/v2\/pages"}],"about":[{"href":"https:\/\/sigedal.se\/index.php\/wp-json\/wp\/v2\/types\/page"}],"author":[{"embeddable":true,"href":"https:\/\/sigedal.se\/index.php\/wp-json\/wp\/v2\/users\/3"}],"replies":[{"embeddable":true,"href":"https:\/\/sigedal.se\/index.php\/wp-json\/wp\/v2\/comments?post=704"}],"version-history":[{"count":1,"href":"https:\/\/sigedal.se\/index.php\/wp-json\/wp\/v2\/pages\/704\/revisions"}],"predecessor-version":[{"id":715,"href":"https:\/\/sigedal.se\/index.php\/wp-json\/wp\/v2\/pages\/704\/revisions\/715"}],"wp:attachment":[{"href":"https:\/\/sigedal.se\/index.php\/wp-json\/wp\/v2\/media?parent=704"}],"curies":[{"name":"wp","href":"https:\/\/api.w.org\/{rel}","templated":true}]}}