{"id":61,"date":"2021-03-25T09:31:10","date_gmt":"2021-03-25T08:31:10","guid":{"rendered":"https:\/\/sigedal.se\/?page_id=61"},"modified":"2023-08-04T13:18:52","modified_gmt":"2023-08-04T11:18:52","slug":"gardar","status":"publish","type":"page","link":"https:\/\/sigedal.se\/index.php\/gardar\/","title":{"rendered":"Harg"},"content":{"rendered":"\n<figure class=\"wp-block-table is-style-stripes\"><table><tbody><tr><td>G\u00e5rdar<\/td><\/tr><tr><td>Harg Lillg\u00e5rd<\/td><\/tr><tr><td><a href=\"https:\/\/sigedal.se\/index.php\/harg-backgard\/\">Harg Backg\u00e5rd<\/a><\/td><\/tr><tr><td><a href=\"https:\/\/sigedal.se\/index.php\/harg-buskegard\/\" data-type=\"page\" data-id=\"703\">Stora Harg fd Harg Buskeg\u00e5rd<\/a><\/td><\/tr><tr><td><a href=\"https:\/\/sigedal.se\/index.php\/harg-komministergard\/\">Harg Komministerg\u00e5rd<\/a><\/td><\/tr><tr><td><a href=\"https:\/\/sigedal.se\/index.php\/harg-rusthall-nr-58\/\" data-type=\"page\" data-id=\"705\">Harg Rusth\u00e5ll No 58<\/a><\/td><\/tr><tr><td><a href=\"https:\/\/sigedal.se\/index.php\/harg-vastergard\/\" data-type=\"page\" data-id=\"707\">Harg V\u00e4sterg\u00e5rd<\/a><\/td><\/tr><tr><td><a href=\"https:\/\/sigedal.se\/index.php\/harg-ostergard\/\" data-type=\"page\" data-id=\"708\">Harg \u00d6sterg\u00e5rd<\/a><\/td><\/tr><tr><td><a href=\"https:\/\/sigedal.se\/index.php\/lilla-harg-vastergard\/\" data-type=\"page\" data-id=\"709\">Lilla Hargs V\u00e4sterg\u00e5rd<\/a><\/td><\/tr><tr><td><a href=\"https:\/\/sigedal.se\/index.php\/lilla-harg-ostergard\/\" data-type=\"page\" data-id=\"710\">Lilla Hargs \u00d6sterg\u00e5rd 1\/16<\/a><\/td><\/tr><tr><td><a href=\"https:\/\/sigedal.se\/index.php\/lilla-hargs-ostergard-1-4\/\">Lilla Hargs \u00d6sterg\u00e5rd 1\/4<\/a><\/td><\/tr><tr><td>Sammanslagning av Lilla Hargs \u00d6ster och V\u00e4sterg\u00e5rd utf\u00f6rdes i slutet av 1800 talet, den nuvarande mang\u00e5rdsbyggningen ligger d\u00e4r \u00d6sterg\u00e5rden l\u00e5g. Flygeln \u00e4r uppf\u00f6rd av rivningsvirke fr\u00e5n de b\u00e5da g\u00e5rdarna.<br><br><strong>Torp \u00e5terfinns i den f\u00f6r alla torp gemensamma <a href=\"https:\/\/sigedal.se\/index.php\/torp\/\">torplistan.<\/a><\/strong><\/td><\/tr><\/tbody><\/table><\/figure>\n\n\n\n<p class=\"wp-block-paragraph\">S<strong>torskifte genomf\u00f6rdes 1774<\/strong><\/p>\n\n\n\n<p class=\"wp-block-paragraph\">Detta innebar att byk\u00e4rnan f\u00f6rblev or\u00f6rd liksom gemensamhetsmarken men att g\u00e5rdarna i \u00f6vrigt fick en b\u00e4ttre arrondering. Bebyggelsen bestod d\u00e5 av g\u00e5rdarna Backg\u00e5rden, Buskeg\u00e5rden, Komministerg\u00e5rden och tv\u00e5 g\u00e5rdar Lilla Harg \u00d6ster och V\u00e4sterg\u00e5rd bel\u00e4gna \u00f6ster om byk\u00e4rnan. De s.k. Eldsl\u00f6sautjordarna (tillh\u00f6riga Eldsl\u00f6sa i Mj\u00f6lby), var ej bebyggda men ans\u00e5gs ha byggningsr\u00e4tt i byn. \u00c4garen till Sk\u00f6ldstadutjorden \u2013 \u00d6verstinnan fru <a href=\"https:\/\/sigedal.se\/index.php\/ragnhild-ulrika-von-flygarell\/\" data-type=\"page\" data-id=\"3617\">Ulrica von Flygarell<\/a> \u2013 utnyttjade inte sin byggningsr\u00e4tt i byn utan ville bebygga d\u00e4r&nbsp;<a href=\"https:\/\/sigedal.se\/index.php\/klovsten\/\" data-type=\"page\" data-id=\"1486\">Klofsten<\/a>&nbsp;\u00e4r bel\u00e4get.<\/p>\n\n\n\n<p class=\"wp-block-paragraph\"><strong>Enskifte genomf\u00f6rdes 1827<\/strong><\/p>\n\n\n\n<p class=\"wp-block-paragraph\">Vid detta skifte tillkom tre nya fastigheter: Hargs \u00d6sterg\u00e5rd, Hargs V\u00e4sterg\u00e5rd och en ny fastighet nere vid Kapell\u00e5n. Dessa fastigheter skulle vara f\u00e4rdigbyggda och tas i bruk \u00e5r 1833. <a href=\"https:\/\/sigedal.se\/wp-content\/uploads\/2023\/08\/Harg-storskifteskarta-1827_liten-scaled.jpg\" data-type=\"attachment\" data-id=\"11247\" target=\"_blank\" rel=\"noreferrer noopener\">Skifteskartan fr\u00e5n 1827 finns h\u00e4r.<\/a><\/p>\n\n\n\n<p class=\"wp-block-paragraph\"><strong>Laga Skifte genomf\u00f6rdes inte<\/strong><\/p>\n","protected":false},"excerpt":{"rendered":"<p>G\u00e5rdar Harg Lillg\u00e5rd Harg Backg\u00e5rd Stora Harg fd Harg Buskeg\u00e5rd Harg Komministerg\u00e5rd Harg Rusth\u00e5ll No 58 Harg V\u00e4sterg\u00e5rd Harg \u00d6sterg\u00e5rd Lilla Hargs V\u00e4sterg\u00e5rd Lilla Hargs \u00d6sterg\u00e5rd 1\/16 Lilla Hargs \u00d6sterg\u00e5rd 1\/4 Sammanslagning av Lilla Hargs \u00d6ster och V\u00e4sterg\u00e5rd utf\u00f6rdes i slutet av 1800 talet, den nuvarande mang\u00e5rdsbyggningen ligger d\u00e4r \u00d6sterg\u00e5rden l\u00e5g. Flygeln \u00e4r uppf\u00f6rd av &hellip; <a href=\"https:\/\/sigedal.se\/index.php\/gardar\/\" class=\"more-link\">Forts\u00e4tt l\u00e4sa<span class=\"screen-reader-text\"> \u201dHarg\u201d<\/span><\/a><\/p>\n","protected":false},"author":3,"featured_media":0,"parent":0,"menu_order":0,"comment_status":"closed","ping_status":"closed","template":"","meta":{"footnotes":""},"class_list":["post-61","page","type-page","status-publish","hentry"],"jetpack-related-posts":[{"id":710,"url":"https:\/\/sigedal.se\/index.php\/lilla-harg-ostergard\/","url_meta":{"origin":61,"position":0},"title":"Lilla Harg \u00d6sterg\u00e5rd 1\/16","author":"Kent","date":"2021-03-25","format":false,"excerpt":"Uppf\u00f6rdes efter enskiftet \u00e5r 1827 och skulle vara bebygd \u00e5r 1833. Ben\u00e4ms vid husf\u00f6rh\u00f6r Lilla Harg \u00d6sterg\u00e5rd 1\/16. Den bebyggda delen av Lilla Hargs \u00d6sterg\u00e5rd \u00c5hyddan vars jord gr\u00e4nsar mot Kapell\u00e5n f\u00f6rs\u00e5gs med en mindre mang\u00e5rdsbyggnad med obrutet tak. En hage vid Lilla Harg och en vid Sk\u00e4ra tillh\u00f6rde fastigheten.","rel":"","context":"Liknande inl\u00e4gg","block_context":{"text":"Liknande inl\u00e4gg","link":""},"img":{"alt_text":"","src":"","width":0,"height":0},"classes":[]},{"id":707,"url":"https:\/\/sigedal.se\/index.php\/harg-vastergard\/","url_meta":{"origin":61,"position":1},"title":"Harg V\u00e4sterg\u00e5rd","author":"Kent","date":"2021-03-25","format":false,"excerpt":"Hargs V\u00e4sterg\u00e5rd bildades vid enskiftet och skulle vara klar till \u00e5r 1833.","rel":"","context":"Liknande inl\u00e4gg","block_context":{"text":"Liknande inl\u00e4gg","link":""},"img":{"alt_text":"","src":"","width":0,"height":0},"classes":[]},{"id":2414,"url":"https:\/\/sigedal.se\/index.php\/gronlund-harg-by-vikingstad-sn\/","url_meta":{"origin":61,"position":2},"title":"Gr\u00f6nlund (Harg by, Vikingstad sn)","author":"Kent","date":"2021-04-04","format":false,"excerpt":"P\u00e5 1860 talet byggdes bostadsfastigheten Gr\u00f6nlund p\u00e5 Lilla Hargs V\u00e4sterg\u00e5rds fr\u00e5nskifte.","rel":"","context":"Liknande inl\u00e4gg","block_context":{"text":"Liknande inl\u00e4gg","link":""},"img":{"alt_text":"","src":"","width":0,"height":0},"classes":[]},{"id":700,"url":"https:\/\/sigedal.se\/index.php\/harg-lillgard\/","url_meta":{"origin":61,"position":3},"title":"Harg Lillg\u00e5rd","author":"Kent","date":"2021-03-25","format":false,"excerpt":"","rel":"","context":"Liknande inl\u00e4gg","block_context":{"text":"Liknande inl\u00e4gg","link":""},"img":{"alt_text":"","src":"","width":0,"height":0},"classes":[]},{"id":702,"url":"https:\/\/sigedal.se\/index.php\/harg-backgard\/","url_meta":{"origin":61,"position":4},"title":"Harg Backg\u00e5rd","author":"Kent","date":"2021-03-25","format":false,"excerpt":"","rel":"","context":"Liknande inl\u00e4gg","block_context":{"text":"Liknande inl\u00e4gg","link":""},"img":{"alt_text":"","src":"","width":0,"height":0},"classes":[]},{"id":704,"url":"https:\/\/sigedal.se\/index.php\/harg-komministergard\/","url_meta":{"origin":61,"position":5},"title":"Harg Komministerg\u00e5rd","author":"Kent","date":"2021-03-25","format":false,"excerpt":"","rel":"","context":"Liknande inl\u00e4gg","block_context":{"text":"Liknande inl\u00e4gg","link":""},"img":{"alt_text":"","src":"","width":0,"height":0},"classes":[]}],"jetpack_sharing_enabled":true,"_links":{"self":[{"href":"https:\/\/sigedal.se\/index.php\/wp-json\/wp\/v2\/pages\/61","targetHints":{"allow":["GET"]}}],"collection":[{"href":"https:\/\/sigedal.se\/index.php\/wp-json\/wp\/v2\/pages"}],"about":[{"href":"https:\/\/sigedal.se\/index.php\/wp-json\/wp\/v2\/types\/page"}],"author":[{"embeddable":true,"href":"https:\/\/sigedal.se\/index.php\/wp-json\/wp\/v2\/users\/3"}],"replies":[{"embeddable":true,"href":"https:\/\/sigedal.se\/index.php\/wp-json\/wp\/v2\/comments?post=61"}],"version-history":[{"count":15,"href":"https:\/\/sigedal.se\/index.php\/wp-json\/wp\/v2\/pages\/61\/revisions"}],"predecessor-version":[{"id":11249,"href":"https:\/\/sigedal.se\/index.php\/wp-json\/wp\/v2\/pages\/61\/revisions\/11249"}],"wp:attachment":[{"href":"https:\/\/sigedal.se\/index.php\/wp-json\/wp\/v2\/media?parent=61"}],"curies":[{"name":"wp","href":"https:\/\/api.w.org\/{rel}","templated":true}]}}