{"id":1975,"date":"2021-04-01T11:07:22","date_gmt":"2021-04-01T09:07:22","guid":{"rendered":"https:\/\/sigedal.se\/?page_id=1975"},"modified":"2021-04-01T11:07:22","modified_gmt":"2021-04-01T09:07:22","slug":"brev-fran-ejnar-till-arvid-avsant-i-hull","status":"publish","type":"page","link":"https:\/\/sigedal.se\/index.php\/brev-fran-ejnar-till-arvid-avsant-i-hull\/","title":{"rendered":"Brev fr\u00e5n Ejnar till Arvid avs\u00e4nt i Hull"},"content":{"rendered":"\n<p class=\"wp-block-paragraph\">Hull 9\/5 190X<\/p>\n\n\n\n<p class=\"wp-block-paragraph\">\u00c4lskade Broder m\u00e5 s\u00e5 gott \u00e4r min \u00f6nskan jag m\u00e5r bra som vanligt jag har inte varit sj\u00f6skuk n\u00e5gon g\u00e5ng p\u00e5 resan icke haft ont i huvud en g\u00e5ng. N\u00e4r jag kom till Katrineholm fick jag s\u00e4llskap med en flicka fr\u00e5n Norrk\u00f6ping s\u00e5 jag har haft roligt hela tiden och vi f\u00e5r s\u00e4llskap till Nyvork , vi har haft vackert v\u00e4der hela tiden s\u00e5 vi har varit uppe p\u00e5 d\u00e4ck hela dagarna.<\/p>\n\n\n\n<p class=\"wp-block-paragraph\">Vi kom hit klockan 9 i dag och nu f\u00e5r vi vara p\u00e5 b\u00e5ten till i morgon sedan f\u00e5r vi resa till Liverpool i morgon, sedan f\u00e5r vi resa fr\u00e5n Liverpool om tisdag f\u00f6rmiddag om alt g\u00e5r som det ska.<\/p>\n\n\n\n<p class=\"wp-block-paragraph\">Her p\u00e5 b\u00e5ten f\u00f6r di ett f\u00f6rf\u00e4rligt lif, di super och spelar kort och dansar men maten har icke varit s\u00e5 xxxxx men jag hade med mig hemifr\u00e5n s\u00e5 jag \u00e5t de sista i g\u00e5r kv\u00e4ll men det blir nog b\u00e4ttre p\u00e5 Atlanten. Nu har jag liget i en hyt som vi var 16 sycken med det var hyglige pojkar alihop men en del \u00e4r alt ena riktig snorkingarnu har jag icke mer att ber\u00e4tta f\u00f6r dig den g\u00e5ng<\/p>\n\n\n\n<p class=\"wp-block-paragraph\">Ja har skrivit hem och nu s\u00e5 jag skrifva till Americka, nu f\u00e5r ja sluta mitt slarv f\u00f6r dena gong. Ja ska skrifva till dig n\u00e4r ja kommer fram f\u00e5r ja se om ja har mer att ber\u00e4tta en nu. Nu f\u00e5r ja sluta med tusen K\u00e4ra H\u00e4lsningar till dig tecknar Din Broder<\/p>\n\n\n\n<p class=\"wp-block-paragraph\">Ejnar Johansson<\/p>\n\n\n\n<p class=\"wp-block-paragraph\">Avskrivet av Kent Sigedal efter en fotostatkopia av originalet.<\/p>\n","protected":false},"excerpt":{"rendered":"<p>Hull 9\/5 190X \u00c4lskade Broder m\u00e5 s\u00e5 gott \u00e4r min \u00f6nskan jag m\u00e5r bra som vanligt jag har inte varit sj\u00f6skuk n\u00e5gon g\u00e5ng p\u00e5 resan icke haft ont i huvud en g\u00e5ng. N\u00e4r jag kom till Katrineholm fick jag s\u00e4llskap med en flicka fr\u00e5n Norrk\u00f6ping s\u00e5 jag har haft roligt hela tiden och vi f\u00e5r &hellip; <a href=\"https:\/\/sigedal.se\/index.php\/brev-fran-ejnar-till-arvid-avsant-i-hull\/\" class=\"more-link\">Forts\u00e4tt l\u00e4sa<span class=\"screen-reader-text\"> \u201dBrev fr\u00e5n Ejnar till Arvid avs\u00e4nt i Hull\u201d<\/span><\/a><\/p>\n","protected":false},"author":3,"featured_media":0,"parent":0,"menu_order":0,"comment_status":"closed","ping_status":"closed","template":"","meta":{"footnotes":""},"class_list":["post-1975","page","type-page","status-publish","hentry"],"jetpack-related-posts":[{"id":1971,"url":"https:\/\/sigedal.se\/index.php\/brev-fran-august-walfrid-johansson\/","url_meta":{"origin":1975,"position":0},"title":"Brev fr\u00e5n August Walfrid Johansson","author":"Kent","date":"2021-04-01","format":false,"excerpt":"Liverpool den 17\/2 1880 \u00c4lskade F\u00f6r\u00e4ldrar och syskon Nu f\u00e5r jag tala om f\u00f6r eder att vi \u00e4ro komna ur Sverige och jag har h\u00e4lsan och m\u00e5r bra och jag \u00f6nskar eder samma goda g\u00e5va och resan till Liverpool har g\u00e5dt bra men ni kan tro att det \u00e4r inte\u2026","rel":"","context":"Liknande inl\u00e4gg","block_context":{"text":"Liknande inl\u00e4gg","link":""},"img":{"alt_text":"","src":"","width":0,"height":0},"classes":[]},{"id":1973,"url":"https:\/\/sigedal.se\/index.php\/arvid-johansson-skriver-brev-till-sin-bror-ejnar-som-ska-utvandra-till-usa\/","url_meta":{"origin":1975,"position":1},"title":"Arvid Johansson skriver brev till sin bror Ejnar som ska utvandra till USA.","author":"Kent","date":"2021-04-01","format":false,"excerpt":"\u00d6verby 25\/4 01 \u00c4lskade broder M\u00e5 s\u00e5 godt \u00e4r min \u00f6nskan, jag m\u00e5r bra som vanligt. Jag vill i korthet skriva n\u00e5gra rader till dig och s\u00e4ga dig ett sista farv\u00e4l, ifall jag ej kommer hem. Jag f\u00e5r \u00f6nska dig lycka och v\u00e4lg\u00e5ng i den andra verldsdelen. M\u00e5tte du f\u00e5\u2026","rel":"","context":"Liknande inl\u00e4gg","block_context":{"text":"Liknande inl\u00e4gg","link":""},"img":{"alt_text":"","src":"","width":0,"height":0},"classes":[]},{"id":1917,"url":"https:\/\/sigedal.se\/index.php\/med-bibeln-som-larobok-i-engelska\/","url_meta":{"origin":1975,"position":2},"title":"Med bibeln som l\u00e4robok i engelska","author":"Kent","date":"2021-03-31","format":false,"excerpt":"I Bankebergs G\u00e4stgivareg\u00e5rds v\u00e4stra flygel bodde p\u00e5 1950-talet \u00e4nkefru Anna Karlsson. Hennes son Ivar hade tidigt emigrerat till Nordamerika. Nu var han hemma och h\u00e4lsade p\u00e5 sin gamla mamma och en dag, n\u00e4rmare best\u00e4mt den 26 januari 1952, kom d\u00e5varande kyrkoherden i Vikingstad, Torsten Dittmer p\u00e5 bes\u00f6k hos mor Anna\u2026","rel":"","context":"Liknande inl\u00e4gg","block_context":{"text":"Liknande inl\u00e4gg","link":""},"img":{"alt_text":"","src":"","width":0,"height":0},"classes":[]},{"id":1893,"url":"https:\/\/sigedal.se\/index.php\/soderberg-nils-knut-ognelo\/","url_meta":{"origin":1975,"position":3},"title":"S\u00f6derberg, Nils Knut (\u00d6gnelo)","author":"Kent","date":"2021-03-31","format":false,"excerpt":"\"\u00d6gnelo\" i Vikingstad. Huset i bakgrunden \u00e4r Mimergatan 2. Foto \u00e5r: troligen 1926 Nils Knut S\u00f6derberg (\u00d6gnelo) till v\u00e4nster. Mannen till h\u00f6ger heter Albin Fredriksson och s\u00e5lde symaskiner. Fotografi tagit \u00e5r: ca 1926 av lanthandlare Edvin Bl\u00fccher. Historien om Nils Knut S\u00f6derberg. (kallad \u00d6gnelo) Nils Knut S\u00f6derberg f\u00f6dd den 16\u2026","rel":"","context":"Liknande inl\u00e4gg","block_context":{"text":"Liknande inl\u00e4gg","link":""},"img":{"alt_text":"","src":"https:\/\/i0.wp.com\/sigedal.se\/wp-content\/uploads\/2021\/03\/vk5008liten.jpg?resize=350%2C200&ssl=1","width":350,"height":200,"srcset":"https:\/\/i0.wp.com\/sigedal.se\/wp-content\/uploads\/2021\/03\/vk5008liten.jpg?resize=350%2C200&ssl=1 1x, https:\/\/i0.wp.com\/sigedal.se\/wp-content\/uploads\/2021\/03\/vk5008liten.jpg?resize=525%2C300&ssl=1 1.5x"},"classes":[]},{"id":1902,"url":"https:\/\/sigedal.se\/index.php\/mitt-forsta-arbete\/","url_meta":{"origin":1975,"position":4},"title":"Mitt f\u00f6rsta arbete","author":"Kent","date":"2021-03-31","format":false,"excerpt":"Lennart \u00c5kerlund, Vikingstad skriver i dag den 6 januari 1986, om mitt f\u00f6rsta fasta arbete. Min \u00e4lskade hustru Gurli \u00e4r i Norrk\u00f6ping. Den f\u00f6rsta april 1941 b\u00f6rjar jag min f\u00f6rsta fasta anst\u00e4llning som springpojke hos handlaren Sigfrid Simonsson, Eklund (Brink) Vikingstad. Jag hade d\u00e5 slutat forts\u00e4ttningsskolan i februari, men gick\u2026","rel":"","context":"Liknande inl\u00e4gg","block_context":{"text":"Liknande inl\u00e4gg","link":""},"img":{"alt_text":"","src":"","width":0,"height":0},"classes":[]},{"id":1952,"url":"https:\/\/sigedal.se\/index.php\/nar-ringkarlens-lon-var-18-kr\/","url_meta":{"origin":1975,"position":5},"title":"N\u00e4r ringkarlens l\u00f6n var 18 kr.","author":"Kent","date":"2021-04-01","format":false,"excerpt":"Tv\u00e5 kyrkliga trotj\u00e4nare i Vikingstad ber\u00e4tta Efter 50 \u00e5rs tj\u00e4nst vid Vikingstads kyrka kommer ringaren och orgeltramparen Karl Karlsson att draga sig tillbaka vid \u00e5rsskiftet. Karlsson som \u00e4r 78 \u00e5r gammal, f\u00f6ljes av sin broder, 75-\u00e5rige Johan Karlsson, fast\u00e4n denne varit kyrkans tj\u00e4nare \u201dendast\u201d 40 \u00e5r. Inf\u00f6r det f\u00f6rest\u00e5ende avskedet\u2026","rel":"","context":"Liknande inl\u00e4gg","block_context":{"text":"Liknande inl\u00e4gg","link":""},"img":{"alt_text":"","src":"https:\/\/i0.wp.com\/sigedal.se\/wp-content\/uploads\/2022\/05\/Tva-ringkarlar-scaled.jpg?resize=350%2C200&ssl=1","width":350,"height":200,"srcset":"https:\/\/i0.wp.com\/sigedal.se\/wp-content\/uploads\/2022\/05\/Tva-ringkarlar-scaled.jpg?resize=350%2C200&ssl=1 1x, https:\/\/i0.wp.com\/sigedal.se\/wp-content\/uploads\/2022\/05\/Tva-ringkarlar-scaled.jpg?resize=525%2C300&ssl=1 1.5x, https:\/\/i0.wp.com\/sigedal.se\/wp-content\/uploads\/2022\/05\/Tva-ringkarlar-scaled.jpg?resize=700%2C400&ssl=1 2x, https:\/\/i0.wp.com\/sigedal.se\/wp-content\/uploads\/2022\/05\/Tva-ringkarlar-scaled.jpg?resize=1050%2C600&ssl=1 3x, https:\/\/i0.wp.com\/sigedal.se\/wp-content\/uploads\/2022\/05\/Tva-ringkarlar-scaled.jpg?resize=1400%2C800&ssl=1 4x"},"classes":[]}],"jetpack_sharing_enabled":true,"_links":{"self":[{"href":"https:\/\/sigedal.se\/index.php\/wp-json\/wp\/v2\/pages\/1975","targetHints":{"allow":["GET"]}}],"collection":[{"href":"https:\/\/sigedal.se\/index.php\/wp-json\/wp\/v2\/pages"}],"about":[{"href":"https:\/\/sigedal.se\/index.php\/wp-json\/wp\/v2\/types\/page"}],"author":[{"embeddable":true,"href":"https:\/\/sigedal.se\/index.php\/wp-json\/wp\/v2\/users\/3"}],"replies":[{"embeddable":true,"href":"https:\/\/sigedal.se\/index.php\/wp-json\/wp\/v2\/comments?post=1975"}],"version-history":[{"count":1,"href":"https:\/\/sigedal.se\/index.php\/wp-json\/wp\/v2\/pages\/1975\/revisions"}],"predecessor-version":[{"id":1976,"href":"https:\/\/sigedal.se\/index.php\/wp-json\/wp\/v2\/pages\/1975\/revisions\/1976"}],"wp:attachment":[{"href":"https:\/\/sigedal.se\/index.php\/wp-json\/wp\/v2\/media?parent=1975"}],"curies":[{"name":"wp","href":"https:\/\/api.w.org\/{rel}","templated":true}]}}