{"id":1973,"date":"2021-04-01T11:06:20","date_gmt":"2021-04-01T09:06:20","guid":{"rendered":"https:\/\/sigedal.se\/?page_id=1973"},"modified":"2021-04-01T11:06:20","modified_gmt":"2021-04-01T09:06:20","slug":"arvid-johansson-skriver-brev-till-sin-bror-ejnar-som-ska-utvandra-till-usa","status":"publish","type":"page","link":"https:\/\/sigedal.se\/index.php\/arvid-johansson-skriver-brev-till-sin-bror-ejnar-som-ska-utvandra-till-usa\/","title":{"rendered":"Arvid Johansson skriver brev till sin bror Ejnar som ska utvandra till USA."},"content":{"rendered":"\n<p class=\"wp-block-paragraph\">\u00d6verby 25\/4 01<\/p>\n\n\n\n<p class=\"wp-block-paragraph\">\u00c4lskade broder<\/p>\n\n\n\n<p class=\"wp-block-paragraph\">M\u00e5 s\u00e5 godt \u00e4r min \u00f6nskan, jag m\u00e5r bra som vanligt. Jag vill i korthet skriva n\u00e5gra rader till dig och s\u00e4ga dig ett sista farv\u00e4l, ifall jag ej kommer hem. Jag f\u00e5r \u00f6nska dig lycka och v\u00e4lg\u00e5ng i den andra verldsdelen. M\u00e5tte du f\u00e5 det bra och trivas. Men ett vill jag l\u00e4gga dig p\u00e5 hj\u00e4rtat hur det \u00e4n g\u00e5r dig, v\u00e4l eller illa var trogen i ditt l\u00f6fte att avh\u00e5lla dig fr\u00e5n dryckenskapen, o h\u00e5ll dig till Gud ty han styr ditt \u00f6de s\u00e5 det g\u00e5r dig v\u00e4l.<\/p>\n\n\n\n<p class=\"wp-block-paragraph\">Och t\u00e4nk ofta p\u00e5 din gamla fader och moder skriv till dem och uppmuntra dem i sin saknad efter dig, ty de komma att sakna dig det vet du. Du skall helsa till Edvin o Bertil o morbror o moster n\u00e4r du kommer dit. Du skall var sn\u00e4ll och skriva till mig iblan o s\u00e4ag hur du har det, skriv n\u00e4r du \u00e4r p\u00e5 resan s\u00e5 \u00e4r du sn\u00e4ll.<\/p>\n\n\n\n<p class=\"wp-block-paragraph\">Hoppas att du ek kommer att \u00e5ngra dig n\u00e4r du f\u00e5r vara d\u00e4r en tid. Du skall alltid vara lika arbetsam o ordentlig som du har varit hemma, s\u00e5 du ej slarvar bort dig o det du f\u00e5r, s\u00e5 vi en g\u00e5ng kan f\u00e5 se varandra igen om vi lever till dess. Ty det kan h\u00e4nda att vi aldrig f\u00e5r m\u00f6tas hemma hos v\u00e5r \u00e4lskade Fader och Moder, som vi jorde i S\u00f6ndags, ty en av oss kommer hit o en annan dit, o vem vet hur det g\u00e5r oss i denna v\u00e4rlden.<\/p>\n\n\n\n<p class=\"wp-block-paragraph\">Men Einar kom ihog, att du aldrig gl\u00f6mmer din far och mor, ty di ha m\u00e5nga g\u00e5nger haft omsorg om dig och kommer att hava det i hela sitt liv. S\u00e5 hoppas ja att du ej f\u00e5r sv\u00e5rt p\u00e5 resan utan du kommer v\u00e4lb\u00e4rgad dit. Nu f\u00e5r jag sluta med m\u00e5nga tusenden hjertliga helsningar till dig och lycka och v\u00e4lg\u00e5ng m\u00e5 dig f\u00f6lja jag kan ej mer \u00f6nska dig teknar din broder Arvid.<\/p>\n\n\n\n<p class=\"wp-block-paragraph\">Skriv till mig ibland \u00e4r du sn\u00e4ll. F\u00f6rst\u00f6r ej mitt brev utan tag det med dig.<\/p>\n\n\n\n<p class=\"wp-block-paragraph\">Avskrift av originalbrev av Kent Sigedal 2003-03-08<\/p>\n","protected":false},"excerpt":{"rendered":"<p>\u00d6verby 25\/4 01 \u00c4lskade broder M\u00e5 s\u00e5 godt \u00e4r min \u00f6nskan, jag m\u00e5r bra som vanligt. Jag vill i korthet skriva n\u00e5gra rader till dig och s\u00e4ga dig ett sista farv\u00e4l, ifall jag ej kommer hem. Jag f\u00e5r \u00f6nska dig lycka och v\u00e4lg\u00e5ng i den andra verldsdelen. M\u00e5tte du f\u00e5 det bra och trivas. Men &hellip; <a href=\"https:\/\/sigedal.se\/index.php\/arvid-johansson-skriver-brev-till-sin-bror-ejnar-som-ska-utvandra-till-usa\/\" class=\"more-link\">Forts\u00e4tt l\u00e4sa<span class=\"screen-reader-text\"> \u201dArvid Johansson skriver brev till sin bror Ejnar som ska utvandra till USA.\u201d<\/span><\/a><\/p>\n","protected":false},"author":3,"featured_media":0,"parent":0,"menu_order":0,"comment_status":"closed","ping_status":"closed","template":"","meta":{"footnotes":""},"class_list":["post-1973","page","type-page","status-publish","hentry"],"jetpack-related-posts":[{"id":1917,"url":"https:\/\/sigedal.se\/index.php\/med-bibeln-som-larobok-i-engelska\/","url_meta":{"origin":1973,"position":0},"title":"Med bibeln som l\u00e4robok i engelska","author":"Kent","date":"2021-03-31","format":false,"excerpt":"I Bankebergs G\u00e4stgivareg\u00e5rds v\u00e4stra flygel bodde p\u00e5 1950-talet \u00e4nkefru Anna Karlsson. Hennes son Ivar hade tidigt emigrerat till Nordamerika. Nu var han hemma och h\u00e4lsade p\u00e5 sin gamla mamma och en dag, n\u00e4rmare best\u00e4mt den 26 januari 1952, kom d\u00e5varande kyrkoherden i Vikingstad, Torsten Dittmer p\u00e5 bes\u00f6k hos mor Anna\u2026","rel":"","context":"Liknande inl\u00e4gg","block_context":{"text":"Liknande inl\u00e4gg","link":""},"img":{"alt_text":"","src":"","width":0,"height":0},"classes":[]},{"id":1893,"url":"https:\/\/sigedal.se\/index.php\/soderberg-nils-knut-ognelo\/","url_meta":{"origin":1973,"position":1},"title":"S\u00f6derberg, Nils Knut (\u00d6gnelo)","author":"Kent","date":"2021-03-31","format":false,"excerpt":"\"\u00d6gnelo\" i Vikingstad. Huset i bakgrunden \u00e4r Mimergatan 2. Foto \u00e5r: troligen 1926 Nils Knut S\u00f6derberg (\u00d6gnelo) till v\u00e4nster. Mannen till h\u00f6ger heter Albin Fredriksson och s\u00e5lde symaskiner. Fotografi tagit \u00e5r: ca 1926 av lanthandlare Edvin Bl\u00fccher. Historien om Nils Knut S\u00f6derberg. (kallad \u00d6gnelo) Nils Knut S\u00f6derberg f\u00f6dd den 16\u2026","rel":"","context":"Liknande inl\u00e4gg","block_context":{"text":"Liknande inl\u00e4gg","link":""},"img":{"alt_text":"","src":"https:\/\/i0.wp.com\/sigedal.se\/wp-content\/uploads\/2021\/03\/vk5008liten.jpg?resize=350%2C200&ssl=1","width":350,"height":200,"srcset":"https:\/\/i0.wp.com\/sigedal.se\/wp-content\/uploads\/2021\/03\/vk5008liten.jpg?resize=350%2C200&ssl=1 1x, https:\/\/i0.wp.com\/sigedal.se\/wp-content\/uploads\/2021\/03\/vk5008liten.jpg?resize=525%2C300&ssl=1 1.5x"},"classes":[]},{"id":1902,"url":"https:\/\/sigedal.se\/index.php\/mitt-forsta-arbete\/","url_meta":{"origin":1973,"position":2},"title":"Mitt f\u00f6rsta arbete","author":"Kent","date":"2021-03-31","format":false,"excerpt":"Lennart \u00c5kerlund, Vikingstad skriver i dag den 6 januari 1986, om mitt f\u00f6rsta fasta arbete. Min \u00e4lskade hustru Gurli \u00e4r i Norrk\u00f6ping. Den f\u00f6rsta april 1941 b\u00f6rjar jag min f\u00f6rsta fasta anst\u00e4llning som springpojke hos handlaren Sigfrid Simonsson, Eklund (Brink) Vikingstad. Jag hade d\u00e5 slutat forts\u00e4ttningsskolan i februari, men gick\u2026","rel":"","context":"Liknande inl\u00e4gg","block_context":{"text":"Liknande inl\u00e4gg","link":""},"img":{"alt_text":"","src":"","width":0,"height":0},"classes":[]},{"id":1938,"url":"https:\/\/sigedal.se\/index.php\/alderdomshemmet-gunnorps-backgard\/","url_meta":{"origin":1973,"position":3},"title":"\u00c5lderdomshemmet Gunnorps B\u00e4ckg\u00e5rd","author":"Kent","date":"2021-04-01","format":false,"excerpt":"G\u00e5rden ink\u00f6ptes till \u00e5lderdomshem 1895, d\u00e5 \u00e4ven djur och inventarier ink\u00f6ptes av kommunen. Som brukare av g\u00e5rden och f\u00f6rest\u00e5ndarinna var A P Nilsson och hans hustru fr\u00e5n \u00e5ret 1895 - 1924. Djuren f\u00f6rs\u00e5g hush\u00e5llet med mat och redovisades till fattigv\u00e5rdens ordf\u00f6rande. Det f\u00f6rekom ocks\u00e5 att g\u00e5rds\u00e4gare kom och bj\u00f6d p\u00e5\u2026","rel":"","context":"Liknande inl\u00e4gg","block_context":{"text":"Liknande inl\u00e4gg","link":""},"img":{"alt_text":"","src":"","width":0,"height":0},"classes":[]},{"id":1898,"url":"https:\/\/sigedal.se\/index.php\/tomtenissar-och-otyg-i-vikingstad\/","url_meta":{"origin":1973,"position":4},"title":"Tomtenissar och otyg i Vikingstad","author":"Kent","date":"2021-03-31","format":false,"excerpt":"Upptecknat f\u00f6r \u00d6stg\u00f6ta-tidningen 1939 av Arne Asplunder efter Smeden Johan Johansson i Gustad. \"Inte f\u00f6r att ja\u00b4 \u00e4\u00b4 n\u00e5\u00b4n historieber\u00e4ttere precis, men allti\u00b4 kan ja\u00b4 v\u00e4l tale om n\u00e5re paschaser, som far min ber\u00e4ttet f\u00f6r mej, \u00e5 en del s\u00f4m ja\u00b4 ha\u00b4 vatt m\u00e4 \u00f4m sj\u00e4lver. - D\u00e4 h\u00e4nde \u00f4fte,\u2026","rel":"","context":"Liknande inl\u00e4gg","block_context":{"text":"Liknande inl\u00e4gg","link":""},"img":{"alt_text":"","src":"","width":0,"height":0},"classes":[]},{"id":1355,"url":"https:\/\/sigedal.se\/index.php\/skolan-2\/","url_meta":{"origin":1973,"position":5},"title":"Skolor","author":"Kent","date":"2021-03-27","format":false,"excerpt":"Gismestad Skola Kyrkskolan Vikingstad Skola Rappestad skola Skolans utveckling i Bankeberg \u2013 Vikingstad Skolhistoria i Vikingstad socken. Enligt ett riksdagsbeslut utf\u00e4rdades \u00e5r 1842 en \u201dstadga f\u00f6r folkundervisningen\u201d. Fr.o.m. nu skulle i varje f\u00f6rsamling finnas en, helst fast skola med godk\u00e4nd l\u00e4rare. Barnens skolg\u00e5ng skulle vara obligatorisk och folkskoleseminarier skulle inr\u00e4ttas.\u2026","rel":"","context":"Liknande inl\u00e4gg","block_context":{"text":"Liknande inl\u00e4gg","link":""},"img":{"alt_text":"","src":"","width":0,"height":0},"classes":[]}],"jetpack_sharing_enabled":true,"_links":{"self":[{"href":"https:\/\/sigedal.se\/index.php\/wp-json\/wp\/v2\/pages\/1973","targetHints":{"allow":["GET"]}}],"collection":[{"href":"https:\/\/sigedal.se\/index.php\/wp-json\/wp\/v2\/pages"}],"about":[{"href":"https:\/\/sigedal.se\/index.php\/wp-json\/wp\/v2\/types\/page"}],"author":[{"embeddable":true,"href":"https:\/\/sigedal.se\/index.php\/wp-json\/wp\/v2\/users\/3"}],"replies":[{"embeddable":true,"href":"https:\/\/sigedal.se\/index.php\/wp-json\/wp\/v2\/comments?post=1973"}],"version-history":[{"count":1,"href":"https:\/\/sigedal.se\/index.php\/wp-json\/wp\/v2\/pages\/1973\/revisions"}],"predecessor-version":[{"id":1974,"href":"https:\/\/sigedal.se\/index.php\/wp-json\/wp\/v2\/pages\/1973\/revisions\/1974"}],"wp:attachment":[{"href":"https:\/\/sigedal.se\/index.php\/wp-json\/wp\/v2\/media?parent=1973"}],"curies":[{"name":"wp","href":"https:\/\/api.w.org\/{rel}","templated":true}]}}