{"id":1448,"date":"2021-03-28T13:12:44","date_gmt":"2021-03-28T11:12:44","guid":{"rendered":"https:\/\/sigedal.se\/?page_id=1448"},"modified":"2021-03-28T13:12:44","modified_gmt":"2021-03-28T11:12:44","slug":"vikingstad-mobel-snickerifabrik-ab","status":"publish","type":"page","link":"https:\/\/sigedal.se\/index.php\/vikingstad-mobel-snickerifabrik-ab\/","title":{"rendered":"Vikingstad M\u00f6bel &#038; Snickerifabrik AB"},"content":{"rendered":"\n<figure class=\"wp-block-image size-large\"><img data-recalc-dims=\"1\" loading=\"lazy\" decoding=\"async\" width=\"600\" height=\"348\" src=\"https:\/\/i0.wp.com\/sigedal.se\/wp-content\/uploads\/2021\/03\/vk5226liten.jpg?resize=600%2C348&#038;ssl=1\" alt=\"\" class=\"wp-image-320\" srcset=\"https:\/\/i0.wp.com\/sigedal.se\/wp-content\/uploads\/2021\/03\/vk5226liten.jpg?w=600&amp;ssl=1 600w, https:\/\/i0.wp.com\/sigedal.se\/wp-content\/uploads\/2021\/03\/vk5226liten.jpg?resize=300%2C174&amp;ssl=1 300w\" sizes=\"auto, (max-width: 600px) 85vw, 600px\" \/><figcaption>Foto Kent Sigedal 2002<\/figcaption><\/figure>\n\n\n\n<p class=\"wp-block-paragraph\">F\u00f6retaget startades 1945 och 1965 flyttade fabriken till nuvarande lokaler. Man tillverkar specialinredningar till offentliga milj\u00f6er och har ett tiotal personer anst\u00e4llda (2020)<\/p>\n\n\n\n<p class=\"wp-block-paragraph\">F\u00f6retaget \u00e4gs av Jonas Ros\u00e9n och Mikael Svensson<\/p>\n\n\n\n<p class=\"wp-block-paragraph\"><\/p>\n","protected":false},"excerpt":{"rendered":"<p>F\u00f6retaget startades 1945 och 1965 flyttade fabriken till nuvarande lokaler. Man tillverkar specialinredningar till offentliga milj\u00f6er och har ett tiotal personer anst\u00e4llda (2020) F\u00f6retaget \u00e4gs av Jonas Ros\u00e9n och Mikael Svensson<\/p>\n","protected":false},"author":3,"featured_media":0,"parent":0,"menu_order":0,"comment_status":"closed","ping_status":"closed","template":"","meta":{"footnotes":""},"class_list":["post-1448","page","type-page","status-publish","hentry"],"jetpack-related-posts":[{"id":7670,"url":"https:\/\/sigedal.se\/index.php\/lovangs-lantbrukskonsult-ab\/","url_meta":{"origin":1448,"position":0},"title":"Lovangs Lantbrukskonsult AB","author":"Kent","date":"2021-08-27","format":false,"excerpt":"F\u00f6retaget grundades 1981 av Torbj\u00f6rn Lovang. \u00c5r 2009 \u00f6vertog sonen Ulrik verksamheten. F\u00f6retaget bedriver konsultverksamhet inom omr\u00e5dena: V\u00e4xtodlingDriftekonomiMilj\u00f6r\u00e5dgivningEU-st\u00f6dans\u00f6kningarEkonomiTeknik Gunnel Lovang framf\u00f6r ett foto av f\u00f6retagets grundare, Torbj\u00f6rn Lovang (1943-2009)","rel":"","context":"Liknande inl\u00e4gg","block_context":{"text":"Liknande inl\u00e4gg","link":""},"img":{"alt_text":"","src":"https:\/\/i0.wp.com\/sigedal.se\/wp-content\/uploads\/2021\/08\/Gunnel-Lovang-scaled.jpg?resize=350%2C200&ssl=1","width":350,"height":200,"srcset":"https:\/\/i0.wp.com\/sigedal.se\/wp-content\/uploads\/2021\/08\/Gunnel-Lovang-scaled.jpg?resize=350%2C200&ssl=1 1x, https:\/\/i0.wp.com\/sigedal.se\/wp-content\/uploads\/2021\/08\/Gunnel-Lovang-scaled.jpg?resize=525%2C300&ssl=1 1.5x, https:\/\/i0.wp.com\/sigedal.se\/wp-content\/uploads\/2021\/08\/Gunnel-Lovang-scaled.jpg?resize=700%2C400&ssl=1 2x, https:\/\/i0.wp.com\/sigedal.se\/wp-content\/uploads\/2021\/08\/Gunnel-Lovang-scaled.jpg?resize=1050%2C600&ssl=1 3x, https:\/\/i0.wp.com\/sigedal.se\/wp-content\/uploads\/2021\/08\/Gunnel-Lovang-scaled.jpg?resize=1400%2C800&ssl=1 4x"},"classes":[]},{"id":7677,"url":"https:\/\/sigedal.se\/index.php\/lovanggruppens-handelshus-ab\/","url_meta":{"origin":1448,"position":1},"title":"Lovanggruppens Handelshus AB","author":"Kent","date":"2021-08-27","format":false,"excerpt":"F\u00f6retaget startades 1988 och har ca 150 del\u00e4gare. Verksamheten utg\u00f6rs av f\u00f6rs\u00e4ljning av f\u00f6rs\u00e4ljning av spannm\u00e5l, g\u00f6dning, diesel mm. Man f\u00f6rmedlar ocks\u00e5 spannm\u00e5l.","rel":"","context":"Liknande inl\u00e4gg","block_context":{"text":"Liknande inl\u00e4gg","link":""},"img":{"alt_text":"","src":"","width":0,"height":0},"classes":[]},{"id":1247,"url":"https:\/\/sigedal.se\/index.php\/vikingagatan-5\/","url_meta":{"origin":1448,"position":2},"title":"Karolinaboden","author":"Kent","date":"2021-03-26","format":false,"excerpt":"Vikingagatan 5 Foto Kent Sigedal 2003-02-18 I k\u00e4llaren finns Karolina Boden som s\u00e4ljer tyger och utf\u00f6r s\u00f6mnadsarbeten mm. F\u00f6retaget hade under n\u00e5gra \u00e5r sin verksamhet i stationshuset.","rel":"","context":"Liknande inl\u00e4gg","block_context":{"text":"Liknande inl\u00e4gg","link":""},"img":{"alt_text":"","src":"https:\/\/i0.wp.com\/sigedal.se\/wp-content\/uploads\/2021\/03\/vk5244liten.jpg?resize=350%2C200&ssl=1","width":350,"height":200,"srcset":"https:\/\/i0.wp.com\/sigedal.se\/wp-content\/uploads\/2021\/03\/vk5244liten.jpg?resize=350%2C200&ssl=1 1x, https:\/\/i0.wp.com\/sigedal.se\/wp-content\/uploads\/2021\/03\/vk5244liten.jpg?resize=525%2C300&ssl=1 1.5x"},"classes":[]},{"id":1250,"url":"https:\/\/sigedal.se\/index.php\/trafikkiosken-mariannes-trafikkiosk\/","url_meta":{"origin":1448,"position":3},"title":"Trafikkiosken (Mariannes Trafikkiosk)","author":"Kent","date":"2021-03-26","format":false,"excerpt":"Artikel inf\u00f6rd i Corren den 12 maj 1956 Annons inf\u00f6rd i Corren den 12 maj 1956 Foto Kent Sigedal 2001 Denna Trafikkiosk \u00f6ppnades den 12 maj 1956 av AB Malmsl\u00e4ttstrafiken som v\u00e4nthall och kiosk. Oklart n\u00e4r det blev Mariannes trafikkiosk. Efter att Marianne flyttat sin verksamhet till j\u00e4rnv\u00e4gsstationen var h\u00e4r\u2026","rel":"","context":"Liknande inl\u00e4gg","block_context":{"text":"Liknande inl\u00e4gg","link":""},"img":{"alt_text":"","src":"https:\/\/i0.wp.com\/sigedal.se\/wp-content\/uploads\/2023\/03\/LA003-scaled.jpg?resize=350%2C200&ssl=1","width":350,"height":200,"srcset":"https:\/\/i0.wp.com\/sigedal.se\/wp-content\/uploads\/2023\/03\/LA003-scaled.jpg?resize=350%2C200&ssl=1 1x, https:\/\/i0.wp.com\/sigedal.se\/wp-content\/uploads\/2023\/03\/LA003-scaled.jpg?resize=525%2C300&ssl=1 1.5x, https:\/\/i0.wp.com\/sigedal.se\/wp-content\/uploads\/2023\/03\/LA003-scaled.jpg?resize=700%2C400&ssl=1 2x, https:\/\/i0.wp.com\/sigedal.se\/wp-content\/uploads\/2023\/03\/LA003-scaled.jpg?resize=1050%2C600&ssl=1 3x, https:\/\/i0.wp.com\/sigedal.se\/wp-content\/uploads\/2023\/03\/LA003-scaled.jpg?resize=1400%2C800&ssl=1 4x"},"classes":[]},{"id":373,"url":"https:\/\/sigedal.se\/index.php\/vikingstad-samhalle-historisk-aterblick\/","url_meta":{"origin":1448,"position":4},"title":"Vikingstad samh\u00e4lle &#8211; historisk \u00e5terblick","author":"Kent","date":"2021-03-25","format":false,"excerpt":"Forntid och medeltid: Socknens namn Vikingstad finns n\u00e4mnt redan 1317.\u00a0 D\u00e5 skrevs det Wikyngstatha.\u00a0 Men v\u00e5rt samh\u00e4lle Vikingstad har n\u00e5gra g\u00e5rdar vid \"Bankes berg\" som ursprung.\u00a0 D\u00e4rf\u00f6r hette samh\u00e4llet l\u00e4nge Bankeberg. Man har hittat fynd fr\u00e5n b\u00e5de sten\u00e5lder och tidig j\u00e4rn\u00e5lder.\u00a0 I norra delen av samh\u00e4llet finns n\u00e5gra gravf\u00e4lt fr\u00e5n\u2026","rel":"","context":"Liknande inl\u00e4gg","block_context":{"text":"Liknande inl\u00e4gg","link":""},"img":{"alt_text":"","src":"","width":0,"height":0},"classes":[]}],"jetpack_sharing_enabled":true,"_links":{"self":[{"href":"https:\/\/sigedal.se\/index.php\/wp-json\/wp\/v2\/pages\/1448","targetHints":{"allow":["GET"]}}],"collection":[{"href":"https:\/\/sigedal.se\/index.php\/wp-json\/wp\/v2\/pages"}],"about":[{"href":"https:\/\/sigedal.se\/index.php\/wp-json\/wp\/v2\/types\/page"}],"author":[{"embeddable":true,"href":"https:\/\/sigedal.se\/index.php\/wp-json\/wp\/v2\/users\/3"}],"replies":[{"embeddable":true,"href":"https:\/\/sigedal.se\/index.php\/wp-json\/wp\/v2\/comments?post=1448"}],"version-history":[{"count":1,"href":"https:\/\/sigedal.se\/index.php\/wp-json\/wp\/v2\/pages\/1448\/revisions"}],"predecessor-version":[{"id":1449,"href":"https:\/\/sigedal.se\/index.php\/wp-json\/wp\/v2\/pages\/1448\/revisions\/1449"}],"wp:attachment":[{"href":"https:\/\/sigedal.se\/index.php\/wp-json\/wp\/v2\/media?parent=1448"}],"curies":[{"name":"wp","href":"https:\/\/api.w.org\/{rel}","templated":true}]}}