{"id":1445,"date":"2021-03-28T13:05:07","date_gmt":"2021-03-28T11:05:07","guid":{"rendered":"https:\/\/sigedal.se\/?page_id=1445"},"modified":"2022-05-27T15:34:37","modified_gmt":"2022-05-27T13:34:37","slug":"vikingstad-cykel-tradgard","status":"publish","type":"page","link":"https:\/\/sigedal.se\/index.php\/vikingstad-cykel-tradgard\/","title":{"rendered":"Vikingstad cykel &#038; tr\u00e4dg\u00e5rd"},"content":{"rendered":"\n<p class=\"wp-block-paragraph\">Bel\u00e4get s\u00f6der om j\u00e4rnv\u00e4gen och \u00f6ster om Fol\u00e5sav\u00e4gen.<\/p>\n\n\n\n<figure class=\"wp-block-image size-large\"><img data-recalc-dims=\"1\" loading=\"lazy\" decoding=\"async\" width=\"500\" height=\"339\" src=\"https:\/\/i0.wp.com\/sigedal.se\/wp-content\/uploads\/2021\/03\/vk5093liten.jpg?resize=500%2C339&#038;ssl=1\" alt=\"\" class=\"wp-image-244\" srcset=\"https:\/\/i0.wp.com\/sigedal.se\/wp-content\/uploads\/2021\/03\/vk5093liten.jpg?w=500&amp;ssl=1 500w, https:\/\/i0.wp.com\/sigedal.se\/wp-content\/uploads\/2021\/03\/vk5093liten.jpg?resize=300%2C203&amp;ssl=1 300w\" sizes=\"auto, (max-width: 500px) 85vw, 500px\" \/><figcaption>Foto Karl Fransson 1984<\/figcaption><\/figure>\n\n\n\n<figure class=\"wp-block-image size-full\"><img data-recalc-dims=\"1\" loading=\"lazy\" decoding=\"async\" width=\"750\" height=\"512\" src=\"https:\/\/i0.wp.com\/sigedal.se\/wp-content\/uploads\/2022\/05\/Cykelverkstaden.jpg?resize=750%2C512&#038;ssl=1\" alt=\"\" class=\"wp-image-8685\" srcset=\"https:\/\/i0.wp.com\/sigedal.se\/wp-content\/uploads\/2022\/05\/Cykelverkstaden.jpg?w=750&amp;ssl=1 750w, https:\/\/i0.wp.com\/sigedal.se\/wp-content\/uploads\/2022\/05\/Cykelverkstaden.jpg?resize=300%2C205&amp;ssl=1 300w\" sizes=\"auto, (max-width: 750px) 85vw, 750px\" \/><figcaption>Foto 1973. Cykelverkstaden uppf\u00f6rdes 1970 av Karl Fransson. Tidigare barack tillh\u00f6rde David Anderssons maskinfirma, St Larsgatan 32, Link\u00f6ping. Bel\u00e4gen p\u00e5 Nyg\u00e4rdes tomt \u00f6ster om Fol\u00e5sav\u00e4gen vid j\u00e4rnv\u00e4gsbommarna. Tegelhuset byggdes 1934 som brygghus.<\/figcaption><\/figure>\n\n\n\n<figure class=\"wp-block-table is-style-stripes\"><table><tbody><tr><td><strong>Innehavare<\/strong><\/td><td><strong>Mellan \u00e5r<\/strong><\/td><\/tr><tr><td>Karl Fransson<\/td><td>1969 &#8211; 1980<\/td><\/tr><tr><td>Lars Karlsson<\/td><td>1980 &#8211;<\/td><\/tr><tr><td><\/td><td><\/td><\/tr><tr><td><\/td><td><\/td><\/tr><tr><td><\/td><td><\/td><\/tr><\/tbody><\/table><\/figure>\n","protected":false},"excerpt":{"rendered":"<p>Bel\u00e4get s\u00f6der om j\u00e4rnv\u00e4gen och \u00f6ster om Fol\u00e5sav\u00e4gen. Innehavare Mellan \u00e5r Karl Fransson 1969 &#8211; 1980 Lars Karlsson 1980 &#8211;<\/p>\n","protected":false},"author":3,"featured_media":0,"parent":0,"menu_order":0,"comment_status":"closed","ping_status":"closed","template":"","meta":{"footnotes":""},"class_list":["post-1445","page","type-page","status-publish","hentry"],"jetpack-related-posts":[{"id":8684,"url":"https:\/\/sigedal.se\/index.php\/cykelverkstaden\/","url_meta":{"origin":1445,"position":0},"title":"Cykelverkstaden","author":"Kent","date":"2022-05-26","format":false,"excerpt":"Foto 1973. Cykelverkstaden uppf\u00f6rdes 1970 av Karl Fransson. Tidigare barack tillh\u00f6rde David Anderssons maskinfirma, St Larsgatan 32, Link\u00f6ping. Bel\u00e4gen p\u00e5 Nyg\u00e4rdes tomt \u00f6ster om Fol\u00e5sav\u00e4gen vid j\u00e4rnv\u00e4gsbommarna. Tegelhuset byggdes 1934 som brygghus. Revs 1975.","rel":"","context":"Liknande inl\u00e4gg","block_context":{"text":"Liknande inl\u00e4gg","link":""},"img":{"alt_text":"","src":"https:\/\/i0.wp.com\/sigedal.se\/wp-content\/uploads\/2022\/05\/Cykelverkstaden.jpg?resize=350%2C200&ssl=1","width":350,"height":200,"srcset":"https:\/\/i0.wp.com\/sigedal.se\/wp-content\/uploads\/2022\/05\/Cykelverkstaden.jpg?resize=350%2C200&ssl=1 1x, https:\/\/i0.wp.com\/sigedal.se\/wp-content\/uploads\/2022\/05\/Cykelverkstaden.jpg?resize=525%2C300&ssl=1 1.5x, https:\/\/i0.wp.com\/sigedal.se\/wp-content\/uploads\/2022\/05\/Cykelverkstaden.jpg?resize=700%2C400&ssl=1 2x"},"classes":[]},{"id":12816,"url":"https:\/\/sigedal.se\/index.php\/folasavagen-7-hogtomta\/","url_meta":{"origin":1445,"position":1},"title":"Fol\u00e5sav\u00e4gen 7, H\u00f6gtomta","author":"Kent","date":"2025-01-26","format":false,"excerpt":"Foto 2021 Rickard Fransson Fastigheten uppf\u00f6rd 1930 av kreaturshandlare Kasper Gustavsson. Redan fr\u00e5n b\u00f6rjan var huset utrustad med centralv\u00e4rme, el och vvs. Tv\u00e4ttstuga och garage byggdes i separat hus.","rel":"","context":"Liknande inl\u00e4gg","block_context":{"text":"Liknande inl\u00e4gg","link":""},"img":{"alt_text":"","src":"https:\/\/i0.wp.com\/sigedal.se\/wp-content\/uploads\/2025\/01\/Hogtomta.jpg?resize=350%2C200&ssl=1","width":350,"height":200,"srcset":"https:\/\/i0.wp.com\/sigedal.se\/wp-content\/uploads\/2025\/01\/Hogtomta.jpg?resize=350%2C200&ssl=1 1x, https:\/\/i0.wp.com\/sigedal.se\/wp-content\/uploads\/2025\/01\/Hogtomta.jpg?resize=525%2C300&ssl=1 1.5x, https:\/\/i0.wp.com\/sigedal.se\/wp-content\/uploads\/2025\/01\/Hogtomta.jpg?resize=700%2C400&ssl=1 2x"},"classes":[]},{"id":9692,"url":"https:\/\/sigedal.se\/index.php\/tagursparningen-1973\/","url_meta":{"origin":1445,"position":2},"title":"T\u00e5gursp\u00e5rningen 1973","author":"Kent","date":"2022-10-07","format":false,"excerpt":"J\u00e4rnv\u00e4gsolyckan \u00f6ster om Vikingstads j\u00e4rnv\u00e4gsstation 1973-09-10. Ursp\u00e5rning pga f\u00f6r h\u00f6g fart. Foto Karl Fransson Foto Arne Asplunder","rel":"","context":"Liknande inl\u00e4gg","block_context":{"text":"Liknande inl\u00e4gg","link":""},"img":{"alt_text":"","src":"https:\/\/i0.wp.com\/sigedal.se\/wp-content\/uploads\/2021\/10\/063-scaled.jpg?resize=350%2C200&ssl=1","width":350,"height":200,"srcset":"https:\/\/i0.wp.com\/sigedal.se\/wp-content\/uploads\/2021\/10\/063-scaled.jpg?resize=350%2C200&ssl=1 1x, https:\/\/i0.wp.com\/sigedal.se\/wp-content\/uploads\/2021\/10\/063-scaled.jpg?resize=525%2C300&ssl=1 1.5x, https:\/\/i0.wp.com\/sigedal.se\/wp-content\/uploads\/2021\/10\/063-scaled.jpg?resize=700%2C400&ssl=1 2x, https:\/\/i0.wp.com\/sigedal.se\/wp-content\/uploads\/2021\/10\/063-scaled.jpg?resize=1050%2C600&ssl=1 3x, https:\/\/i0.wp.com\/sigedal.se\/wp-content\/uploads\/2021\/10\/063-scaled.jpg?resize=1400%2C800&ssl=1 4x"},"classes":[]},{"id":10137,"url":"https:\/\/sigedal.se\/index.php\/folasavagen-6\/","url_meta":{"origin":1445,"position":3},"title":"Fol\u00e5sav\u00e4gen 6 (Edensborg)","author":"Kent","date":"2022-10-24","format":false,"excerpt":"Foto 2022 Fastigheten uppf\u00f6rd i b\u00f6rjan p\u00e5 1900-talet av murare Karl Edman. Ursprungligen inrymde denna fastighet 2 l\u00e4genheter.","rel":"","context":"Liknande inl\u00e4gg","block_context":{"text":"Liknande inl\u00e4gg","link":""},"img":{"alt_text":"","src":"https:\/\/i0.wp.com\/sigedal.se\/wp-content\/uploads\/2022\/10\/Folasavagen-6.jpg?resize=350%2C200&ssl=1","width":350,"height":200,"srcset":"https:\/\/i0.wp.com\/sigedal.se\/wp-content\/uploads\/2022\/10\/Folasavagen-6.jpg?resize=350%2C200&ssl=1 1x, https:\/\/i0.wp.com\/sigedal.se\/wp-content\/uploads\/2022\/10\/Folasavagen-6.jpg?resize=525%2C300&ssl=1 1.5x, https:\/\/i0.wp.com\/sigedal.se\/wp-content\/uploads\/2022\/10\/Folasavagen-6.jpg?resize=700%2C400&ssl=1 2x, https:\/\/i0.wp.com\/sigedal.se\/wp-content\/uploads\/2022\/10\/Folasavagen-6.jpg?resize=1050%2C600&ssl=1 3x, https:\/\/i0.wp.com\/sigedal.se\/wp-content\/uploads\/2022\/10\/Folasavagen-6.jpg?resize=1400%2C800&ssl=1 4x"},"classes":[]},{"id":1583,"url":"https:\/\/sigedal.se\/index.php\/nybble-gard\/","url_meta":{"origin":1445,"position":4},"title":"Nybble G\u00e5rd","author":"Kent","date":"2021-03-28","format":false,"excerpt":"Flygfoto 1917 fr\u00e5n Flygmuseums arkiv tillhandah\u00e5llet av Gunnar Hesse. Flygfoto 1934 tillhandah\u00e5llet at Gunnar Hesse. Foto ca 1915 Foto nr 218 ur \u00d6sten Allerts samlingar tillh\u00f6rande Vikingstads Hembygdsf\u00f6rening Nybble gamla huvudbyggnad Denna huvudbyggnad revs f\u00f6r att ge plats f\u00f6r en ny \u00e5r 1906. Huvudbyggnaden 1936 Foto 1936 av \u00d6sten Allert\u2026","rel":"","context":"Liknande inl\u00e4gg","block_context":{"text":"Liknande inl\u00e4gg","link":""},"img":{"alt_text":"","src":"https:\/\/i0.wp.com\/sigedal.se\/wp-content\/uploads\/2023\/12\/IMG_8742-scaled.jpg?resize=350%2C200&ssl=1","width":350,"height":200,"srcset":"https:\/\/i0.wp.com\/sigedal.se\/wp-content\/uploads\/2023\/12\/IMG_8742-scaled.jpg?resize=350%2C200&ssl=1 1x, https:\/\/i0.wp.com\/sigedal.se\/wp-content\/uploads\/2023\/12\/IMG_8742-scaled.jpg?resize=525%2C300&ssl=1 1.5x, https:\/\/i0.wp.com\/sigedal.se\/wp-content\/uploads\/2023\/12\/IMG_8742-scaled.jpg?resize=700%2C400&ssl=1 2x, https:\/\/i0.wp.com\/sigedal.se\/wp-content\/uploads\/2023\/12\/IMG_8742-scaled.jpg?resize=1050%2C600&ssl=1 3x, https:\/\/i0.wp.com\/sigedal.se\/wp-content\/uploads\/2023\/12\/IMG_8742-scaled.jpg?resize=1400%2C800&ssl=1 4x"},"classes":[]},{"id":8757,"url":"https:\/\/sigedal.se\/index.php\/vaghuset\/","url_meta":{"origin":1445,"position":5},"title":"V\u00e5ghuset","author":"Kent","date":"2022-05-27","format":false,"excerpt":"P\u00e5 Bankebergs Mellang\u00e5rds \u00e4gor l\u00e5g en byggnad med skostall f\u00f6r skoning av oxar, samt en kreatursv\u00e5g. Den var bel\u00e4gen ca 500 m \u00f6ster om Mellang\u00e5rden och revs p\u00e5 1960-talet. Huset i bakgrunden \u00e4r Bankebergs Backg\u00e5rd. Mellang\u00e5rden och Backg\u00e5rden \u00e4gde detta hus gemensamt. Byggnaden, som i dagligt tal kallades kreatursv\u00e5gen, har\u2026","rel":"","context":"Liknande inl\u00e4gg","block_context":{"text":"Liknande inl\u00e4gg","link":""},"img":{"alt_text":"","src":"https:\/\/i0.wp.com\/sigedal.se\/wp-content\/uploads\/2022\/05\/ohf_vk428.jpg?resize=350%2C200&ssl=1","width":350,"height":200,"srcset":"https:\/\/i0.wp.com\/sigedal.se\/wp-content\/uploads\/2022\/05\/ohf_vk428.jpg?resize=350%2C200&ssl=1 1x, https:\/\/i0.wp.com\/sigedal.se\/wp-content\/uploads\/2022\/05\/ohf_vk428.jpg?resize=525%2C300&ssl=1 1.5x, https:\/\/i0.wp.com\/sigedal.se\/wp-content\/uploads\/2022\/05\/ohf_vk428.jpg?resize=700%2C400&ssl=1 2x"},"classes":[]}],"jetpack_sharing_enabled":true,"_links":{"self":[{"href":"https:\/\/sigedal.se\/index.php\/wp-json\/wp\/v2\/pages\/1445","targetHints":{"allow":["GET"]}}],"collection":[{"href":"https:\/\/sigedal.se\/index.php\/wp-json\/wp\/v2\/pages"}],"about":[{"href":"https:\/\/sigedal.se\/index.php\/wp-json\/wp\/v2\/types\/page"}],"author":[{"embeddable":true,"href":"https:\/\/sigedal.se\/index.php\/wp-json\/wp\/v2\/users\/3"}],"replies":[{"embeddable":true,"href":"https:\/\/sigedal.se\/index.php\/wp-json\/wp\/v2\/comments?post=1445"}],"version-history":[{"count":3,"href":"https:\/\/sigedal.se\/index.php\/wp-json\/wp\/v2\/pages\/1445\/revisions"}],"predecessor-version":[{"id":8783,"href":"https:\/\/sigedal.se\/index.php\/wp-json\/wp\/v2\/pages\/1445\/revisions\/8783"}],"wp:attachment":[{"href":"https:\/\/sigedal.se\/index.php\/wp-json\/wp\/v2\/media?parent=1445"}],"curies":[{"name":"wp","href":"https:\/\/api.w.org\/{rel}","templated":true}]}}