{"id":1381,"date":"2021-03-27T14:52:53","date_gmt":"2021-03-27T13:52:53","guid":{"rendered":"https:\/\/sigedal.se\/?page_id=1381"},"modified":"2021-03-28T10:29:24","modified_gmt":"2021-03-28T08:29:24","slug":"bensinstationen","status":"publish","type":"page","link":"https:\/\/sigedal.se\/index.php\/bensinstationen\/","title":{"rendered":"Bensinstationen"},"content":{"rendered":"\n<figure class=\"wp-block-image size-large\"><img data-recalc-dims=\"1\" loading=\"lazy\" decoding=\"async\" width=\"600\" height=\"356\" src=\"https:\/\/i0.wp.com\/sigedal.se\/wp-content\/uploads\/2021\/03\/vk5225liten.jpg?resize=600%2C356&#038;ssl=1\" alt=\"\" class=\"wp-image-319\" srcset=\"https:\/\/i0.wp.com\/sigedal.se\/wp-content\/uploads\/2021\/03\/vk5225liten.jpg?w=600&amp;ssl=1 600w, https:\/\/i0.wp.com\/sigedal.se\/wp-content\/uploads\/2021\/03\/vk5225liten.jpg?resize=300%2C178&amp;ssl=1 300w\" sizes=\"auto, (max-width: 600px) 85vw, 600px\" \/><figcaption>Foto Kent Sigedal 2002<\/figcaption><\/figure>\n\n\n\n<h2 class=\"wp-block-heading\">Nyinvigning av OKQ8 i Vikingstad den 31 januari 2020<\/h2>\n\n\n\n<figure class=\"wp-block-image size-large\"><img data-recalc-dims=\"1\" loading=\"lazy\" decoding=\"async\" width=\"840\" height=\"630\" src=\"https:\/\/i0.wp.com\/sigedal.se\/wp-content\/uploads\/2021\/03\/IMG_1385.jpg?resize=840%2C630&#038;ssl=1\" alt=\"\" class=\"wp-image-1382\" srcset=\"https:\/\/i0.wp.com\/sigedal.se\/wp-content\/uploads\/2021\/03\/IMG_1385-scaled.jpg?resize=1024%2C768&amp;ssl=1 1024w, https:\/\/i0.wp.com\/sigedal.se\/wp-content\/uploads\/2021\/03\/IMG_1385-scaled.jpg?resize=300%2C225&amp;ssl=1 300w, https:\/\/i0.wp.com\/sigedal.se\/wp-content\/uploads\/2021\/03\/IMG_1385-scaled.jpg?resize=768%2C576&amp;ssl=1 768w, https:\/\/i0.wp.com\/sigedal.se\/wp-content\/uploads\/2021\/03\/IMG_1385-scaled.jpg?resize=1536%2C1152&amp;ssl=1 1536w, https:\/\/i0.wp.com\/sigedal.se\/wp-content\/uploads\/2021\/03\/IMG_1385-scaled.jpg?resize=2048%2C1536&amp;ssl=1 2048w, https:\/\/i0.wp.com\/sigedal.se\/wp-content\/uploads\/2021\/03\/IMG_1385-scaled.jpg?resize=1200%2C900&amp;ssl=1 1200w, https:\/\/i0.wp.com\/sigedal.se\/wp-content\/uploads\/2021\/03\/IMG_1385-scaled.jpg?w=1680&amp;ssl=1 1680w, https:\/\/i0.wp.com\/sigedal.se\/wp-content\/uploads\/2021\/03\/IMG_1385-scaled.jpg?w=2520&amp;ssl=1 2520w\" sizes=\"auto, (max-width: 709px) 85vw, (max-width: 909px) 67vw, (max-width: 1362px) 62vw, 840px\" \/><figcaption>Roffan och Ingrid klipper bandet och f\u00f6rklarar macken invigd. Foto Kent Sigedal<\/figcaption><\/figure>\n\n\n\n<p class=\"wp-block-paragraph\">En gr\u00e5mulen fredag i januari 2020 var det s\u00e5 \u00e4ntligen dags f\u00f6r invigning av den renoverade, om- och tillbyggda macken i Vikingstad.<\/p>\n\n\n\n<p class=\"wp-block-paragraph\">Mycket har gjorts f\u00f6r att f\u00f6rb\u00e4ttra arbetsmilj\u00f6n p\u00e5 macken och det som vi som bes\u00f6kare fr\u00e4mst kanske t\u00e4nker p\u00e5 \u00e4r att \u00e4ntligen har Ingrid med personal f\u00e5tt ett perfekt utrymme att f\u00f6rvara alla paket i. I den ca 30 kvm stora tillbyggnaden f\u00f6rvaras nu paketen fr\u00e5n b\u00e5de DHL och Bring. Om fler distribut\u00f6rer v\u00e4ljer OKQ8 i Vikingstad som sitt utl\u00e4mningsst\u00e4lle \u00e5terst\u00e5r att se.<\/p>\n\n\n\n<p class=\"wp-block-paragraph\">Kassadisken \u00e4r flyttad till \u00f6stra delen av butiken och i ena \u00e4nden av disken kan de som har det intresset spela p\u00e5 hela ATG:s utbud. Macken har \u00e4ven Svenska Spel s\u00e5 chansen till storvinst finns om man har tur.<\/p>\n\n\n\n<p class=\"wp-block-paragraph\">P\u00e5 matfronten har man ut\u00f6kat utbudet med egentillverkade sm\u00f6rg\u00e5sar.<\/p>\n\n\n\n<p class=\"wp-block-paragraph\">Belysningen inomhus \u00e4r nu ersatt av milj\u00f6v\u00e4nliga LED-armaturer och matsvinnet h\u00e5ller man nere genom appen Karma d\u00e4r man till rabatterat pris kan handla det som eventuellt inte har blivit s\u00e5lt innan st\u00e4ngningsdags.<\/p>\n\n\n\n<p class=\"wp-block-paragraph\">Till h\u00f6ger innanf\u00f6r ytterd\u00f6rren har bilverkstaden f\u00e5tt en egen disk f\u00f6r enkelt omh\u00e4ndertagande av kunder. Rationellt \u00e4r det ocks\u00e5 f\u00f6r verkstadspersonalen med en d\u00f6rr direkt mellan verkstaden och kunddisken.<\/p>\n\n\n\n<p class=\"wp-block-paragraph\">Det samlade omd\u00f6met bland de m\u00e5nga som hade letat sig till invigningsfesten var att ombyggnaden \u00e4r ett stort lyft f\u00f6r macken och hur fint det blev.<\/p>\n\n\n\n<p class=\"wp-block-paragraph\">Hembygdsf\u00f6reningen \u00f6nskar Roffan och Ingrid med personal lycka till i framtiden och hoppas att alla Vikingstadbor uppskattar att vi har en mack i samh\u00e4llet och verkligen utnyttjar den s\u00e5 att den f\u00e5r leva i m\u00e5nga \u00e5r till.<\/p>\n\n\n\n<p class=\"wp-block-paragraph\">Kent Sigedal<\/p>\n","protected":false},"excerpt":{"rendered":"<p>Nyinvigning av OKQ8 i Vikingstad den 31 januari 2020 En gr\u00e5mulen fredag i januari 2020 var det s\u00e5 \u00e4ntligen dags f\u00f6r invigning av den renoverade, om- och tillbyggda macken i Vikingstad. Mycket har gjorts f\u00f6r att f\u00f6rb\u00e4ttra arbetsmilj\u00f6n p\u00e5 macken och det som vi som bes\u00f6kare fr\u00e4mst kanske t\u00e4nker p\u00e5 \u00e4r att \u00e4ntligen har Ingrid &hellip; <a href=\"https:\/\/sigedal.se\/index.php\/bensinstationen\/\" class=\"more-link\">Forts\u00e4tt l\u00e4sa<span class=\"screen-reader-text\"> \u201dBensinstationen\u201d<\/span><\/a><\/p>\n","protected":false},"author":3,"featured_media":0,"parent":0,"menu_order":0,"comment_status":"closed","ping_status":"closed","template":"","meta":{"footnotes":""},"class_list":["post-1381","page","type-page","status-publish","hentry"],"jetpack-related-posts":[{"id":8061,"url":"https:\/\/sigedal.se\/index.php\/linda-cederholm-2\/","url_meta":{"origin":1381,"position":0},"title":"Linda Cederholm","author":"Kent","date":"2021-09-19","format":false,"excerpt":"Kyrkoherde i Vikingstad 2020 - Foto Kent Sigedal 2021-09-19","rel":"","context":"Liknande inl\u00e4gg","block_context":{"text":"Liknande inl\u00e4gg","link":""},"img":{"alt_text":"","src":"https:\/\/i0.wp.com\/sigedal.se\/wp-content\/uploads\/2021\/09\/Linda-Cederholm.jpg?resize=350%2C200&ssl=1","width":350,"height":200,"srcset":"https:\/\/i0.wp.com\/sigedal.se\/wp-content\/uploads\/2021\/09\/Linda-Cederholm.jpg?resize=350%2C200&ssl=1 1x, https:\/\/i0.wp.com\/sigedal.se\/wp-content\/uploads\/2021\/09\/Linda-Cederholm.jpg?resize=525%2C300&ssl=1 1.5x"},"classes":[]},{"id":2867,"url":"https:\/\/sigedal.se\/index.php\/gardelof-margreth\/","url_meta":{"origin":1381,"position":1},"title":"G\u00e5rdel\u00f6f Margreth","author":"Kent","date":"2021-04-06","format":false,"excerpt":"Kyrkoherde i Vikingstad 2003-2020 Tilltr\u00e4dande kyrkoherde Margreth G\u00e5rdel\u00f6f omgiven av sin man Bror G\u00e5rdel\u00f6f och biskop Martin Lind.Foto Kent Sigedal 2003-02-02 Foto fr\u00e5n middagen i Kyrkans Hus i Vikingstad efter kyrkoherdeinstallationen som var i Rappestad kyrka.","rel":"","context":"Liknande inl\u00e4gg","block_context":{"text":"Liknande inl\u00e4gg","link":""},"img":{"alt_text":"","src":"https:\/\/i0.wp.com\/sigedal.se\/wp-content\/uploads\/2021\/03\/vk5239liten.jpg?resize=350%2C200&ssl=1","width":350,"height":200,"srcset":"https:\/\/i0.wp.com\/sigedal.se\/wp-content\/uploads\/2021\/03\/vk5239liten.jpg?resize=350%2C200&ssl=1 1x, https:\/\/i0.wp.com\/sigedal.se\/wp-content\/uploads\/2021\/03\/vk5239liten.jpg?resize=525%2C300&ssl=1 1.5x"},"classes":[]},{"id":1448,"url":"https:\/\/sigedal.se\/index.php\/vikingstad-mobel-snickerifabrik-ab\/","url_meta":{"origin":1381,"position":2},"title":"Vikingstad M\u00f6bel &#038; Snickerifabrik AB","author":"Kent","date":"2021-03-28","format":false,"excerpt":"Foto Kent Sigedal 2002 F\u00f6retaget startades 1945 och 1965 flyttade fabriken till nuvarande lokaler. Man tillverkar specialinredningar till offentliga milj\u00f6er och har ett tiotal personer anst\u00e4llda (2020) F\u00f6retaget \u00e4gs av Jonas Ros\u00e9n och Mikael Svensson","rel":"","context":"Liknande inl\u00e4gg","block_context":{"text":"Liknande inl\u00e4gg","link":""},"img":{"alt_text":"","src":"https:\/\/i0.wp.com\/sigedal.se\/wp-content\/uploads\/2021\/03\/vk5226liten.jpg?resize=350%2C200&ssl=1","width":350,"height":200,"srcset":"https:\/\/i0.wp.com\/sigedal.se\/wp-content\/uploads\/2021\/03\/vk5226liten.jpg?resize=350%2C200&ssl=1 1x, https:\/\/i0.wp.com\/sigedal.se\/wp-content\/uploads\/2021\/03\/vk5226liten.jpg?resize=525%2C300&ssl=1 1.5x"},"classes":[]},{"id":9635,"url":"https:\/\/sigedal.se\/index.php\/herbert-sterner\/","url_meta":{"origin":1381,"position":3},"title":"Herbert Sterner","author":"Kent","date":"2022-10-06","format":false,"excerpt":"Foto ca 1922. Del av nedanst\u00e5ende foto. Foto nr 50 ur \u00d6sten Allerts Samlingar tillh\u00f6rande Vikingstad Hembygdsf\u00f6rening.\u00a0Foto ca 1922.Fr\u00e5n v\u00e4nster: Olle Holmstr\u00f6m, Nils Petterson, Stora Fogelberg. Tor Johansson, Herbert Sterner, Robert Pettersson, Fogelberg. Magni Sterner. Pojkarna Sterner s\u00f6ner till d\u00e5varande stinsen Wilhelm Sterner. F\u00f6dd \u00e5r 1901-12-30 i Folk\u00e4rna (Kopparbergs l\u00e4n)D\u00f6d\u2026","rel":"","context":"Liknande inl\u00e4gg","block_context":{"text":"Liknande inl\u00e4gg","link":""},"img":{"alt_text":"","src":"https:\/\/i0.wp.com\/sigedal.se\/wp-content\/uploads\/2022\/10\/Herbert-Sterner.jpg?resize=350%2C200&ssl=1","width":350,"height":200,"srcset":"https:\/\/i0.wp.com\/sigedal.se\/wp-content\/uploads\/2022\/10\/Herbert-Sterner.jpg?resize=350%2C200&ssl=1 1x, https:\/\/i0.wp.com\/sigedal.se\/wp-content\/uploads\/2022\/10\/Herbert-Sterner.jpg?resize=525%2C300&ssl=1 1.5x"},"classes":[]},{"id":1229,"url":"https:\/\/sigedal.se\/index.php\/valkebo-sparbank\/","url_meta":{"origin":1381,"position":4},"title":"Valkebo Sparbank","author":"Kent","date":"2021-03-26","format":false,"excerpt":"Bankebergsv\u00e4gen 7 Foto\u00e5r ok\u00e4nt. Om detta vykort \u00e4r \u00e4ldre eller yngre \u00e4n nedanst\u00e5ende vet vi inte. Kanske n\u00e5gon av l\u00e4sarna vet? Foto\u00e5r ok\u00e4nt. Enligt detta vykort s\u00e5 var Valkebo sparbank \u00e4ven n\u00e5gon g\u00e5ng ett hotell. Konstruktionen p\u00e5 taket \u00e4r f\u00e4sten f\u00f6r telefonledningarna som utgick h\u00e4rifr\u00e5n. Bankebergs telefonv\u00e4xel var en tid\u2026","rel":"","context":"Liknande inl\u00e4gg","block_context":{"text":"Liknande inl\u00e4gg","link":""},"img":{"alt_text":"","src":"https:\/\/i0.wp.com\/sigedal.se\/wp-content\/uploads\/2021\/10\/bankstyrelsen-1965.jpg?resize=350%2C200&ssl=1","width":350,"height":200,"srcset":"https:\/\/i0.wp.com\/sigedal.se\/wp-content\/uploads\/2021\/10\/bankstyrelsen-1965.jpg?resize=350%2C200&ssl=1 1x, https:\/\/i0.wp.com\/sigedal.se\/wp-content\/uploads\/2021\/10\/bankstyrelsen-1965.jpg?resize=525%2C300&ssl=1 1.5x, https:\/\/i0.wp.com\/sigedal.se\/wp-content\/uploads\/2021\/10\/bankstyrelsen-1965.jpg?resize=700%2C400&ssl=1 2x"},"classes":[]},{"id":1879,"url":"https:\/\/sigedal.se\/index.php\/vikingstad-matvaruaffar\/","url_meta":{"origin":1381,"position":5},"title":"Vikingstad Matvaruaff\u00e4r","author":"Kent","date":"2021-03-31","format":false,"excerpt":"Aff\u00e4ren startades av Thure Nilsson, drevs av Nils och Hildur Gustafsson och var fram till 1939 bel\u00e4gen i Villa Forsby (nuvarande Lokegatan 5) d\u00e5 verksamheten flyttades till Mimergatan 3.\u00a0 Vikingstad Matvaruaff\u00e4r bel\u00e4gen p\u00e5 Lokegatan 5. Fr\u00e5n v\u00e4nster: Gothy Gustafsson-S\u00e4rnlid, Hildur och Nils Gustafsson Foto f\u00f6re 1939 Foto Kent Sigedal 2002\u2026","rel":"","context":"Liknande inl\u00e4gg","block_context":{"text":"Liknande inl\u00e4gg","link":""},"img":{"alt_text":"","src":"https:\/\/i0.wp.com\/sigedal.se\/wp-content\/uploads\/2021\/03\/vk5087liten.jpg?resize=350%2C200&ssl=1","width":350,"height":200},"classes":[]}],"jetpack_sharing_enabled":true,"_links":{"self":[{"href":"https:\/\/sigedal.se\/index.php\/wp-json\/wp\/v2\/pages\/1381","targetHints":{"allow":["GET"]}}],"collection":[{"href":"https:\/\/sigedal.se\/index.php\/wp-json\/wp\/v2\/pages"}],"about":[{"href":"https:\/\/sigedal.se\/index.php\/wp-json\/wp\/v2\/types\/page"}],"author":[{"embeddable":true,"href":"https:\/\/sigedal.se\/index.php\/wp-json\/wp\/v2\/users\/3"}],"replies":[{"embeddable":true,"href":"https:\/\/sigedal.se\/index.php\/wp-json\/wp\/v2\/comments?post=1381"}],"version-history":[{"count":4,"href":"https:\/\/sigedal.se\/index.php\/wp-json\/wp\/v2\/pages\/1381\/revisions"}],"predecessor-version":[{"id":1402,"href":"https:\/\/sigedal.se\/index.php\/wp-json\/wp\/v2\/pages\/1381\/revisions\/1402"}],"wp:attachment":[{"href":"https:\/\/sigedal.se\/index.php\/wp-json\/wp\/v2\/media?parent=1381"}],"curies":[{"name":"wp","href":"https:\/\/api.w.org\/{rel}","templated":true}]}}