{"id":10215,"date":"2022-11-28T16:12:59","date_gmt":"2022-11-28T15:12:59","guid":{"rendered":"https:\/\/sigedal.se\/?page_id=10215"},"modified":"2025-06-07T18:01:03","modified_gmt":"2025-06-07T16:01:03","slug":"jarnvagsstationen-2","status":"publish","type":"page","link":"https:\/\/sigedal.se\/index.php\/jarnvagsstationen-2\/","title":{"rendered":"J\u00e4rnv\u00e4gsstationen"},"content":{"rendered":"\n<figure class=\"wp-block-image size-large is-resized\"><img data-recalc-dims=\"1\" loading=\"lazy\" decoding=\"async\" width=\"840\" height=\"635\" src=\"https:\/\/i0.wp.com\/sigedal.se\/wp-content\/uploads\/2022\/11\/A003.jpg?resize=840%2C635&#038;ssl=1\" alt=\"\" class=\"wp-image-10176\" style=\"width:626px;height:473px\" srcset=\"https:\/\/i0.wp.com\/sigedal.se\/wp-content\/uploads\/2022\/11\/A003-scaled.jpg?resize=1024%2C774&amp;ssl=1 1024w, https:\/\/i0.wp.com\/sigedal.se\/wp-content\/uploads\/2022\/11\/A003-scaled.jpg?resize=300%2C227&amp;ssl=1 300w, https:\/\/i0.wp.com\/sigedal.se\/wp-content\/uploads\/2022\/11\/A003-scaled.jpg?resize=768%2C580&amp;ssl=1 768w, https:\/\/i0.wp.com\/sigedal.se\/wp-content\/uploads\/2022\/11\/A003-scaled.jpg?resize=1536%2C1161&amp;ssl=1 1536w, https:\/\/i0.wp.com\/sigedal.se\/wp-content\/uploads\/2022\/11\/A003-scaled.jpg?resize=2048%2C1548&amp;ssl=1 2048w, https:\/\/i0.wp.com\/sigedal.se\/wp-content\/uploads\/2022\/11\/A003-scaled.jpg?resize=1200%2C907&amp;ssl=1 1200w, https:\/\/i0.wp.com\/sigedal.se\/wp-content\/uploads\/2022\/11\/A003-scaled.jpg?w=1680&amp;ssl=1 1680w, https:\/\/i0.wp.com\/sigedal.se\/wp-content\/uploads\/2022\/11\/A003-scaled.jpg?w=2520&amp;ssl=1 2520w\" sizes=\"auto, (max-width: 709px) 85vw, (max-width: 909px) 67vw, (max-width: 1362px) 62vw, 840px\" \/><figcaption class=\"wp-element-caption\">Foto tidigt 1900-tal fr\u00e5n sp\u00e5rsidan.<\/figcaption><\/figure>\n\n\n\n<figure class=\"wp-block-image size-large is-resized\"><img data-recalc-dims=\"1\" loading=\"lazy\" decoding=\"async\" width=\"600\" height=\"372\" src=\"https:\/\/i0.wp.com\/sigedal.se\/wp-content\/uploads\/2021\/03\/vk5050liten.jpg?resize=600%2C372&#038;ssl=1\" alt=\"\" class=\"wp-image-201\" style=\"width:632px;height:392px\" srcset=\"https:\/\/i0.wp.com\/sigedal.se\/wp-content\/uploads\/2021\/03\/vk5050liten.jpg?w=600&amp;ssl=1 600w, https:\/\/i0.wp.com\/sigedal.se\/wp-content\/uploads\/2021\/03\/vk5050liten.jpg?resize=300%2C186&amp;ssl=1 300w\" sizes=\"auto, (max-width: 600px) 85vw, 600px\" \/><figcaption class=\"wp-element-caption\">Foto b\u00f6rjan av 1900-talet<br><em>Vykort fr\u00e5n Kent Sigedals vykortssamling<\/em><\/figcaption><\/figure>\n\n\n\n<p class=\"wp-block-paragraph\">Bankebergs j\u00e4rnv\u00e4gsstation invigdes den 15 september 1873. <\/p>\n\n\n\n<p class=\"wp-block-paragraph\"><a href=\"https:\/\/sigedal.se\/index.php\/jarnvagsolyckan-vid-lagerlunda-1875\/\" data-type=\"page\" data-id=\"9687\">\u00c5r 1875 intr\u00e4ffade en olycka vid Lagerlunda.<\/a><\/p>\n\n\n\n<p class=\"wp-block-paragraph\">J\u00e4rnv\u00e4gen drogs cirka 500 meter norr om den ursprungliga byk\u00e4rnan men numera ligger stationen mitt i byn och delar Vikingstad i tv\u00e5 delar. Bankeberg bytte namn till Vikingstad 1927 d\u00e5 vissa namnf\u00f6rv\u00e4xlingar med Bankeryd hade skett.<\/p>\n\n\n\n<figure class=\"wp-block-image size-large\"><img data-recalc-dims=\"1\" loading=\"lazy\" decoding=\"async\" width=\"840\" height=\"557\" src=\"https:\/\/i0.wp.com\/sigedal.se\/wp-content\/uploads\/2022\/11\/A059.jpg?resize=840%2C557&#038;ssl=1\" alt=\"\" class=\"wp-image-10181\" srcset=\"https:\/\/i0.wp.com\/sigedal.se\/wp-content\/uploads\/2022\/11\/A059-scaled.jpg?resize=1024%2C679&amp;ssl=1 1024w, https:\/\/i0.wp.com\/sigedal.se\/wp-content\/uploads\/2022\/11\/A059-scaled.jpg?resize=300%2C199&amp;ssl=1 300w, https:\/\/i0.wp.com\/sigedal.se\/wp-content\/uploads\/2022\/11\/A059-scaled.jpg?resize=768%2C509&amp;ssl=1 768w, https:\/\/i0.wp.com\/sigedal.se\/wp-content\/uploads\/2022\/11\/A059-scaled.jpg?resize=1536%2C1019&amp;ssl=1 1536w, https:\/\/i0.wp.com\/sigedal.se\/wp-content\/uploads\/2022\/11\/A059-scaled.jpg?resize=2048%2C1358&amp;ssl=1 2048w, https:\/\/i0.wp.com\/sigedal.se\/wp-content\/uploads\/2022\/11\/A059-scaled.jpg?resize=1200%2C796&amp;ssl=1 1200w, https:\/\/i0.wp.com\/sigedal.se\/wp-content\/uploads\/2022\/11\/A059-scaled.jpg?w=1680&amp;ssl=1 1680w, https:\/\/i0.wp.com\/sigedal.se\/wp-content\/uploads\/2022\/11\/A059-scaled.jpg?w=2520&amp;ssl=1 2520w\" sizes=\"auto, (max-width: 709px) 85vw, (max-width: 909px) 67vw, (max-width: 1362px) 62vw, 840px\" \/><figcaption class=\"wp-element-caption\">Foto f\u00f6re 1926. Vykort<\/figcaption><\/figure>\n\n\n\n<figure class=\"wp-block-image size-large\"><img data-recalc-dims=\"1\" loading=\"lazy\" decoding=\"async\" width=\"840\" height=\"532\" src=\"https:\/\/i0.wp.com\/sigedal.se\/wp-content\/uploads\/2025\/06\/Jarnvagsstationen.jpg?resize=840%2C532&#038;ssl=1\" alt=\"\" class=\"wp-image-13069\" srcset=\"https:\/\/i0.wp.com\/sigedal.se\/wp-content\/uploads\/2025\/06\/Jarnvagsstationen.jpg?resize=1024%2C648&amp;ssl=1 1024w, https:\/\/i0.wp.com\/sigedal.se\/wp-content\/uploads\/2025\/06\/Jarnvagsstationen.jpg?resize=300%2C190&amp;ssl=1 300w, https:\/\/i0.wp.com\/sigedal.se\/wp-content\/uploads\/2025\/06\/Jarnvagsstationen.jpg?resize=768%2C486&amp;ssl=1 768w, https:\/\/i0.wp.com\/sigedal.se\/wp-content\/uploads\/2025\/06\/Jarnvagsstationen.jpg?resize=1536%2C973&amp;ssl=1 1536w, https:\/\/i0.wp.com\/sigedal.se\/wp-content\/uploads\/2025\/06\/Jarnvagsstationen.jpg?resize=2048%2C1297&amp;ssl=1 2048w, https:\/\/i0.wp.com\/sigedal.se\/wp-content\/uploads\/2025\/06\/Jarnvagsstationen.jpg?resize=1200%2C760&amp;ssl=1 1200w, https:\/\/i0.wp.com\/sigedal.se\/wp-content\/uploads\/2025\/06\/Jarnvagsstationen.jpg?w=1680&amp;ssl=1 1680w\" sizes=\"auto, (max-width: 709px) 85vw, (max-width: 909px) 67vw, (max-width: 1362px) 62vw, 840px\" \/><\/figure>\n\n\n\n<p class=\"wp-block-paragraph\"><a href=\"https:\/\/sigedal.se\/index.php\/tjanstebostader-till-jarnvagen\/\" data-type=\"page\" data-id=\"10210\">P\u00e5 1940-talet revs de tv\u00e5 personalbost\u00e4derna v\u00e4ster om stationshuset.<\/a><\/p>\n\n\n\n<figure class=\"wp-block-image size-large\"><img data-recalc-dims=\"1\" loading=\"lazy\" decoding=\"async\" width=\"840\" height=\"541\" src=\"https:\/\/i0.wp.com\/sigedal.se\/wp-content\/uploads\/2022\/11\/A060.jpg?resize=840%2C541&#038;ssl=1\" alt=\"\" class=\"wp-image-10184\" srcset=\"https:\/\/i0.wp.com\/sigedal.se\/wp-content\/uploads\/2022\/11\/A060-scaled.jpg?resize=1024%2C659&amp;ssl=1 1024w, https:\/\/i0.wp.com\/sigedal.se\/wp-content\/uploads\/2022\/11\/A060-scaled.jpg?resize=300%2C193&amp;ssl=1 300w, https:\/\/i0.wp.com\/sigedal.se\/wp-content\/uploads\/2022\/11\/A060-scaled.jpg?resize=768%2C495&amp;ssl=1 768w, https:\/\/i0.wp.com\/sigedal.se\/wp-content\/uploads\/2022\/11\/A060-scaled.jpg?resize=1536%2C989&amp;ssl=1 1536w, https:\/\/i0.wp.com\/sigedal.se\/wp-content\/uploads\/2022\/11\/A060-scaled.jpg?resize=2048%2C1319&amp;ssl=1 2048w, https:\/\/i0.wp.com\/sigedal.se\/wp-content\/uploads\/2022\/11\/A060-scaled.jpg?resize=1200%2C773&amp;ssl=1 1200w, https:\/\/i0.wp.com\/sigedal.se\/wp-content\/uploads\/2022\/11\/A060-scaled.jpg?w=1680&amp;ssl=1 1680w, https:\/\/i0.wp.com\/sigedal.se\/wp-content\/uploads\/2022\/11\/A060-scaled.jpg?w=2520&amp;ssl=1 2520w\" sizes=\"auto, (max-width: 709px) 85vw, (max-width: 909px) 67vw, (max-width: 1362px) 62vw, 840px\" \/><figcaption class=\"wp-element-caption\">1950-tal. Vykort<\/figcaption><\/figure>\n\n\n\n<figure class=\"wp-block-image size-large\"><img data-recalc-dims=\"1\" loading=\"lazy\" decoding=\"async\" width=\"840\" height=\"577\" src=\"https:\/\/i0.wp.com\/sigedal.se\/wp-content\/uploads\/2022\/11\/Bangarden-1963-03-10.jpg?resize=840%2C577&#038;ssl=1\" alt=\"\" class=\"wp-image-10172\" srcset=\"https:\/\/i0.wp.com\/sigedal.se\/wp-content\/uploads\/2022\/11\/Bangarden-1963-03-10.jpg?resize=1024%2C703&amp;ssl=1 1024w, https:\/\/i0.wp.com\/sigedal.se\/wp-content\/uploads\/2022\/11\/Bangarden-1963-03-10.jpg?resize=300%2C206&amp;ssl=1 300w, https:\/\/i0.wp.com\/sigedal.se\/wp-content\/uploads\/2022\/11\/Bangarden-1963-03-10.jpg?resize=768%2C527&amp;ssl=1 768w, https:\/\/i0.wp.com\/sigedal.se\/wp-content\/uploads\/2022\/11\/Bangarden-1963-03-10.jpg?resize=1200%2C824&amp;ssl=1 1200w, https:\/\/i0.wp.com\/sigedal.se\/wp-content\/uploads\/2022\/11\/Bangarden-1963-03-10.jpg?w=1529&amp;ssl=1 1529w\" sizes=\"auto, (max-width: 709px) 85vw, (max-width: 909px) 67vw, (max-width: 1362px) 62vw, 840px\" \/><figcaption class=\"wp-element-caption\">Foto Rickard Fransson 1963-03-10. En vinterbild \u00f6ver bang\u00e5rdsomr\u00e5det.<\/figcaption><\/figure>\n\n\n\n<figure class=\"wp-block-image size-large\"><img data-recalc-dims=\"1\" loading=\"lazy\" decoding=\"async\" width=\"840\" height=\"582\" src=\"https:\/\/i0.wp.com\/sigedal.se\/wp-content\/uploads\/2022\/11\/Bangarden-1963-i-juli.jpg?resize=840%2C582&#038;ssl=1\" alt=\"\" class=\"wp-image-10174\" srcset=\"https:\/\/i0.wp.com\/sigedal.se\/wp-content\/uploads\/2022\/11\/Bangarden-1963-i-juli.jpg?resize=1024%2C709&amp;ssl=1 1024w, https:\/\/i0.wp.com\/sigedal.se\/wp-content\/uploads\/2022\/11\/Bangarden-1963-i-juli.jpg?resize=300%2C208&amp;ssl=1 300w, https:\/\/i0.wp.com\/sigedal.se\/wp-content\/uploads\/2022\/11\/Bangarden-1963-i-juli.jpg?resize=768%2C532&amp;ssl=1 768w, https:\/\/i0.wp.com\/sigedal.se\/wp-content\/uploads\/2022\/11\/Bangarden-1963-i-juli.jpg?resize=1536%2C1064&amp;ssl=1 1536w, https:\/\/i0.wp.com\/sigedal.se\/wp-content\/uploads\/2022\/11\/Bangarden-1963-i-juli.jpg?resize=1200%2C831&amp;ssl=1 1200w, https:\/\/i0.wp.com\/sigedal.se\/wp-content\/uploads\/2022\/11\/Bangarden-1963-i-juli.jpg?w=1873&amp;ssl=1 1873w, https:\/\/i0.wp.com\/sigedal.se\/wp-content\/uploads\/2022\/11\/Bangarden-1963-i-juli.jpg?w=1680&amp;ssl=1 1680w\" sizes=\"auto, (max-width: 709px) 85vw, (max-width: 909px) 67vw, (max-width: 1362px) 62vw, 840px\" \/><figcaption class=\"wp-element-caption\">Foto Rickard Fransson. Bang\u00e5rden fotograferad uppifr\u00e5n silobyggnaden i juli 1963<\/figcaption><\/figure>\n\n\n\n<p class=\"wp-block-paragraph\">1973 upph\u00f6rde t\u00e5gen att stanna i Vikingstad.<\/p>\n\n\n\n<p class=\"wp-block-paragraph\"><a href=\"https:\/\/sigedal.se\/index.php\/tagursparningen-1973\/\" data-type=\"page\" data-id=\"9692\">I september 1973 sp\u00e5rade ett t\u00e5g ur \u00f6ster om Vikingstad<\/a><\/p>\n\n\n\n<p class=\"wp-block-paragraph\">I dag (2002) inryms i j\u00e4rnv\u00e4gsstationen en aff\u00e4rsr\u00f6relse och t\u00e5gen stannar \u00e5ter sedan vi fick pendelt\u00e5g genom \u00d6sterg\u00f6tland 1995.<\/p>\n\n\n\n<figure class=\"wp-block-image size-large is-resized\"><img data-recalc-dims=\"1\" loading=\"lazy\" decoding=\"async\" width=\"600\" height=\"381\" src=\"https:\/\/i0.wp.com\/sigedal.se\/wp-content\/uploads\/2021\/03\/vk5193liten.jpg?resize=600%2C381&#038;ssl=1\" alt=\"\" class=\"wp-image-356\" style=\"width:635px;height:403px\" srcset=\"https:\/\/i0.wp.com\/sigedal.se\/wp-content\/uploads\/2021\/03\/vk5193liten.jpg?w=600&amp;ssl=1 600w, https:\/\/i0.wp.com\/sigedal.se\/wp-content\/uploads\/2021\/03\/vk5193liten.jpg?resize=300%2C191&amp;ssl=1 300w\" sizes=\"auto, (max-width: 600px) 85vw, 600px\" \/><figcaption class=\"wp-element-caption\">Foto Kent Sigedal 2002<\/figcaption><\/figure>\n\n\n\n<p class=\"wp-block-paragraph\">I dag (2002) inryms i f.d. j\u00e4rnv\u00e4gsstationen en kioskr\u00f6relse med spelbutik f\u00f6r bl.a. ATG. P\u00e5 \u00f6verv\u00e5ningen finns l\u00e4genheter. SJ har s\u00e5lt fastigheten som numera \u00e4r privat\u00e4gd.<\/p>\n\n\n\n<p class=\"wp-block-paragraph\">Vi vet att flera verksamheter bedrivits i dessa lokaler, bl.a BJ shopen, KarolinaBoden, Berlins Ur  mm. Nu \u00e4r h\u00e4r en fotograf. Har du mer info om vilka verksamheter som funnits h\u00e4r och n\u00e4r i s\u00e5 fall. Skriv g\u00e4rna i kommentarsf\u00e4ltet.<\/p>\n\n\n\n<figure class=\"wp-block-table is-style-stripes\"><table><tbody><tr><td><strong>Stins<\/strong>\/<strong>Stationsm\u00e4stare<\/strong><\/td><td><strong>\u00c5r-\u00c5r<\/strong><\/td><\/tr><tr><td>C O Taube<\/td><td>1873 &#8211; 1874<\/td><\/tr><tr><td>Uno Bj\u00f6rkelund<\/td><td>1874 &#8211; 1876<\/td><\/tr><tr><td>Adolf Nilsson<\/td><td>1876 &#8211; <\/td><\/tr><tr><td>Reinhold Almqvist<\/td><td>xxxx &#8211; 1903<\/td><\/tr><tr><td>Johan Nystr\u00f6m<\/td><td>1903 &#8211; 1909<\/td><\/tr><tr><td>Gustav Lengquist<\/td><td>1909 &#8211; 1914<\/td><\/tr><tr><td><a href=\"https:\/\/sigedal.se\/index.php\/wilhelm-sterner\/\" data-type=\"page\" data-id=\"9606\">Wilhelm Sterner <\/a><\/td><td>1914-1924<\/td><\/tr><tr><td>Bror Axel S\u00f6derholm <\/td><td>1925-1933<\/td><\/tr><tr><td>Carl Oskar Borg <\/td><td>1933-1939<\/td><\/tr><tr><td>Simon Braf <\/td><td>1939-1949<\/td><\/tr><tr><td>Paulus Hellberg <\/td><td>1949-1956<\/td><\/tr><tr><td>Nils Salomonsson <\/td><td>1956-1964<\/td><\/tr><tr><td>Herbert Wastholm <\/td><td>1964-1969<\/td><\/tr><tr><td>Karl-Evert Johansson (enbart ansvarig f\u00f6r posten)<\/td><td>1969 &#8211; <\/td><\/tr><\/tbody><\/table><\/figure>\n","protected":false},"excerpt":{"rendered":"<p>Bankebergs j\u00e4rnv\u00e4gsstation invigdes den 15 september 1873. \u00c5r 1875 intr\u00e4ffade en olycka vid Lagerlunda. J\u00e4rnv\u00e4gen drogs cirka 500 meter norr om den ursprungliga byk\u00e4rnan men numera ligger stationen mitt i byn och delar Vikingstad i tv\u00e5 delar. Bankeberg bytte namn till Vikingstad 1927 d\u00e5 vissa namnf\u00f6rv\u00e4xlingar med Bankeryd hade skett. P\u00e5 1940-talet revs de tv\u00e5 &hellip; <a href=\"https:\/\/sigedal.se\/index.php\/jarnvagsstationen-2\/\" class=\"more-link\">Forts\u00e4tt l\u00e4sa<span class=\"screen-reader-text\"> \u201dJ\u00e4rnv\u00e4gsstationen\u201d<\/span><\/a><\/p>\n","protected":false},"author":3,"featured_media":0,"parent":0,"menu_order":0,"comment_status":"closed","ping_status":"closed","template":"","meta":{"footnotes":""},"class_list":["post-10215","page","type-page","status-publish","hentry"],"jetpack-related-posts":[{"id":2196,"url":"https:\/\/sigedal.se\/index.php\/jarnvagsstationen\/","url_meta":{"origin":10215,"position":0},"title":"J\u00e4rnv\u00e4gen","author":"Kent","date":"2021-04-03","format":false,"excerpt":"Foto tidigt 1900-tal fr\u00e5n sp\u00e5rsidan Foto b\u00f6rjan av 1900-taletVykort fr\u00e5n Kent Sigedals vykortssamling Bankebergs j\u00e4rnv\u00e4gsstation invigdes den 15 september 1873. \u00c5r 1875 intr\u00e4ffade en olycka vid Lagerlunda. J\u00e4rnv\u00e4gen drogs cirka 500 meter norr om den ursprungliga byk\u00e4rnan men numera ligger stationen mitt i byn och delar Vikingstad i tv\u00e5 delar.\u2026","rel":"","context":"Liknande inl\u00e4gg","block_context":{"text":"Liknande inl\u00e4gg","link":""},"img":{"alt_text":"","src":"https:\/\/i0.wp.com\/sigedal.se\/wp-content\/uploads\/2022\/11\/A003-scaled.jpg?resize=350%2C200&ssl=1","width":350,"height":200,"srcset":"https:\/\/i0.wp.com\/sigedal.se\/wp-content\/uploads\/2022\/11\/A003-scaled.jpg?resize=350%2C200&ssl=1 1x, https:\/\/i0.wp.com\/sigedal.se\/wp-content\/uploads\/2022\/11\/A003-scaled.jpg?resize=525%2C300&ssl=1 1.5x, https:\/\/i0.wp.com\/sigedal.se\/wp-content\/uploads\/2022\/11\/A003-scaled.jpg?resize=700%2C400&ssl=1 2x, https:\/\/i0.wp.com\/sigedal.se\/wp-content\/uploads\/2022\/11\/A003-scaled.jpg?resize=1050%2C600&ssl=1 3x, https:\/\/i0.wp.com\/sigedal.se\/wp-content\/uploads\/2022\/11\/A003-scaled.jpg?resize=1400%2C800&ssl=1 4x"},"classes":[]},{"id":9692,"url":"https:\/\/sigedal.se\/index.php\/tagursparningen-1973\/","url_meta":{"origin":10215,"position":1},"title":"T\u00e5gursp\u00e5rningen 1973","author":"Kent","date":"2022-10-07","format":false,"excerpt":"J\u00e4rnv\u00e4gsolyckan \u00f6ster om Vikingstads j\u00e4rnv\u00e4gsstation 1973-09-10. Ursp\u00e5rning pga f\u00f6r h\u00f6g fart. Foto Karl Fransson Foto Arne Asplunder","rel":"","context":"Liknande inl\u00e4gg","block_context":{"text":"Liknande inl\u00e4gg","link":""},"img":{"alt_text":"","src":"https:\/\/i0.wp.com\/sigedal.se\/wp-content\/uploads\/2021\/10\/063-scaled.jpg?resize=350%2C200&ssl=1","width":350,"height":200,"srcset":"https:\/\/i0.wp.com\/sigedal.se\/wp-content\/uploads\/2021\/10\/063-scaled.jpg?resize=350%2C200&ssl=1 1x, https:\/\/i0.wp.com\/sigedal.se\/wp-content\/uploads\/2021\/10\/063-scaled.jpg?resize=525%2C300&ssl=1 1.5x, https:\/\/i0.wp.com\/sigedal.se\/wp-content\/uploads\/2021\/10\/063-scaled.jpg?resize=700%2C400&ssl=1 2x, https:\/\/i0.wp.com\/sigedal.se\/wp-content\/uploads\/2021\/10\/063-scaled.jpg?resize=1050%2C600&ssl=1 3x, https:\/\/i0.wp.com\/sigedal.se\/wp-content\/uploads\/2021\/10\/063-scaled.jpg?resize=1400%2C800&ssl=1 4x"},"classes":[]},{"id":8721,"url":"https:\/\/sigedal.se\/index.php\/nalgatan-med-betvagen\/","url_meta":{"origin":10215,"position":2},"title":"N\u00e5lgatan med betv\u00e5gen","author":"Kent","date":"2022-05-27","format":false,"excerpt":"Foto 1940-talet. Infarten till N\u00e5lgatan sedd fr\u00e5n lastkajen p\u00e5 j\u00e4rnv\u00e4gsstationen. P\u00e5 skylten \"M Klas\u00e9ns skr\u00e4dderi\". I huset till v\u00e4nster var betv\u00e5gen inrymd d\u00e4r man v\u00e4gde sockerbetor innan lastning p\u00e5 j\u00e4rnv\u00e4gen f\u00f6r vidare transport till sockerbruket i Link\u00f6ping. P\u00e5 plattan framf\u00f6r huset stannade b\u00f6nderna med sina vagnar f\u00f6r v\u00e4gning. Efter avlastning\u2026","rel":"","context":"Liknande inl\u00e4gg","block_context":{"text":"Liknande inl\u00e4gg","link":""},"img":{"alt_text":"","src":"https:\/\/i0.wp.com\/sigedal.se\/wp-content\/uploads\/2022\/05\/ohf_vk546.jpg?resize=350%2C200&ssl=1","width":350,"height":200,"srcset":"https:\/\/i0.wp.com\/sigedal.se\/wp-content\/uploads\/2022\/05\/ohf_vk546.jpg?resize=350%2C200&ssl=1 1x, https:\/\/i0.wp.com\/sigedal.se\/wp-content\/uploads\/2022\/05\/ohf_vk546.jpg?resize=525%2C300&ssl=1 1.5x, https:\/\/i0.wp.com\/sigedal.se\/wp-content\/uploads\/2022\/05\/ohf_vk546.jpg?resize=700%2C400&ssl=1 2x"},"classes":[]},{"id":9635,"url":"https:\/\/sigedal.se\/index.php\/herbert-sterner\/","url_meta":{"origin":10215,"position":3},"title":"Herbert Sterner","author":"Kent","date":"2022-10-06","format":false,"excerpt":"Foto ca 1922. Del av nedanst\u00e5ende foto. Foto nr 50 ur \u00d6sten Allerts Samlingar tillh\u00f6rande Vikingstad Hembygdsf\u00f6rening.\u00a0Foto ca 1922.Fr\u00e5n v\u00e4nster: Olle Holmstr\u00f6m, Nils Petterson, Stora Fogelberg. Tor Johansson, Herbert Sterner, Robert Pettersson, Fogelberg. Magni Sterner. Pojkarna Sterner s\u00f6ner till d\u00e5varande stinsen Wilhelm Sterner. F\u00f6dd \u00e5r 1901-12-30 i Folk\u00e4rna (Kopparbergs l\u00e4n)D\u00f6d\u2026","rel":"","context":"Liknande inl\u00e4gg","block_context":{"text":"Liknande inl\u00e4gg","link":""},"img":{"alt_text":"","src":"https:\/\/i0.wp.com\/sigedal.se\/wp-content\/uploads\/2022\/10\/Herbert-Sterner.jpg?resize=350%2C200&ssl=1","width":350,"height":200,"srcset":"https:\/\/i0.wp.com\/sigedal.se\/wp-content\/uploads\/2022\/10\/Herbert-Sterner.jpg?resize=350%2C200&ssl=1 1x, https:\/\/i0.wp.com\/sigedal.se\/wp-content\/uploads\/2022\/10\/Herbert-Sterner.jpg?resize=525%2C300&ssl=1 1.5x"},"classes":[]},{"id":1250,"url":"https:\/\/sigedal.se\/index.php\/trafikkiosken-mariannes-trafikkiosk\/","url_meta":{"origin":10215,"position":4},"title":"Trafikkiosken (Mariannes Trafikkiosk)","author":"Kent","date":"2021-03-26","format":false,"excerpt":"Artikel inf\u00f6rd i Corren den 12 maj 1956 Annons inf\u00f6rd i Corren den 12 maj 1956 Foto Kent Sigedal 2001 Denna Trafikkiosk \u00f6ppnades den 12 maj 1956 av AB Malmsl\u00e4ttstrafiken som v\u00e4nthall och kiosk. Oklart n\u00e4r det blev Mariannes trafikkiosk. Efter att Marianne flyttat sin verksamhet till j\u00e4rnv\u00e4gsstationen var h\u00e4r\u2026","rel":"","context":"Liknande inl\u00e4gg","block_context":{"text":"Liknande inl\u00e4gg","link":""},"img":{"alt_text":"","src":"https:\/\/i0.wp.com\/sigedal.se\/wp-content\/uploads\/2023\/03\/LA003-scaled.jpg?resize=350%2C200&ssl=1","width":350,"height":200,"srcset":"https:\/\/i0.wp.com\/sigedal.se\/wp-content\/uploads\/2023\/03\/LA003-scaled.jpg?resize=350%2C200&ssl=1 1x, https:\/\/i0.wp.com\/sigedal.se\/wp-content\/uploads\/2023\/03\/LA003-scaled.jpg?resize=525%2C300&ssl=1 1.5x, https:\/\/i0.wp.com\/sigedal.se\/wp-content\/uploads\/2023\/03\/LA003-scaled.jpg?resize=700%2C400&ssl=1 2x, https:\/\/i0.wp.com\/sigedal.se\/wp-content\/uploads\/2023\/03\/LA003-scaled.jpg?resize=1050%2C600&ssl=1 3x, https:\/\/i0.wp.com\/sigedal.se\/wp-content\/uploads\/2023\/03\/LA003-scaled.jpg?resize=1400%2C800&ssl=1 4x"},"classes":[]},{"id":9620,"url":"https:\/\/sigedal.se\/index.php\/ida-josefina-rad-gift-sterner\/","url_meta":{"origin":10215,"position":5},"title":"Ida Josefina R\u00e5d, gift Sterner","author":"Kent","date":"2022-10-06","format":false,"excerpt":"Ida R\u00e5d med sin make Wilhelm Sterner. Fotot taget i l\u00e4genheten i j\u00e4rnv\u00e4gsstationen 1924. F\u00f6dd \u00e5r 1864-04-30 i Lidk\u00f6pingD\u00f6d \u00e5r 1945-02-04 i Stockholm Gift \u00e5r 1886-09-23 med Wilhelm Sterner (1863-04-06 i Nettraby, Blekinge - 1924-10-02 i Vikingstad)Far:Mor:Barn:\u00a0Ernst Wilhelm (1886-07-01 - 1964-10-08), Sixten Efraim (1887-09-17 - 1941-10-30), Judit Viola (1889-11-13 -\u2026","rel":"","context":"Liknande inl\u00e4gg","block_context":{"text":"Liknande inl\u00e4gg","link":""},"img":{"alt_text":"","src":"https:\/\/i0.wp.com\/sigedal.se\/wp-content\/uploads\/2022\/10\/20221006_113337-scaled.jpg?resize=350%2C200&ssl=1","width":350,"height":200,"srcset":"https:\/\/i0.wp.com\/sigedal.se\/wp-content\/uploads\/2022\/10\/20221006_113337-scaled.jpg?resize=350%2C200&ssl=1 1x, https:\/\/i0.wp.com\/sigedal.se\/wp-content\/uploads\/2022\/10\/20221006_113337-scaled.jpg?resize=525%2C300&ssl=1 1.5x, https:\/\/i0.wp.com\/sigedal.se\/wp-content\/uploads\/2022\/10\/20221006_113337-scaled.jpg?resize=700%2C400&ssl=1 2x, https:\/\/i0.wp.com\/sigedal.se\/wp-content\/uploads\/2022\/10\/20221006_113337-scaled.jpg?resize=1050%2C600&ssl=1 3x, https:\/\/i0.wp.com\/sigedal.se\/wp-content\/uploads\/2022\/10\/20221006_113337-scaled.jpg?resize=1400%2C800&ssl=1 4x"},"classes":[]}],"jetpack_sharing_enabled":true,"_links":{"self":[{"href":"https:\/\/sigedal.se\/index.php\/wp-json\/wp\/v2\/pages\/10215","targetHints":{"allow":["GET"]}}],"collection":[{"href":"https:\/\/sigedal.se\/index.php\/wp-json\/wp\/v2\/pages"}],"about":[{"href":"https:\/\/sigedal.se\/index.php\/wp-json\/wp\/v2\/types\/page"}],"author":[{"embeddable":true,"href":"https:\/\/sigedal.se\/index.php\/wp-json\/wp\/v2\/users\/3"}],"replies":[{"embeddable":true,"href":"https:\/\/sigedal.se\/index.php\/wp-json\/wp\/v2\/comments?post=10215"}],"version-history":[{"count":7,"href":"https:\/\/sigedal.se\/index.php\/wp-json\/wp\/v2\/pages\/10215\/revisions"}],"predecessor-version":[{"id":13070,"href":"https:\/\/sigedal.se\/index.php\/wp-json\/wp\/v2\/pages\/10215\/revisions\/13070"}],"wp:attachment":[{"href":"https:\/\/sigedal.se\/index.php\/wp-json\/wp\/v2\/media?parent=10215"}],"curies":[{"name":"wp","href":"https:\/\/api.w.org\/{rel}","templated":true}]}}